{"id":625,"date":"2021-07-28T13:45:33","date_gmt":"2021-07-28T11:45:33","guid":{"rendered":"https:\/\/fincavinedosdebutron.com\/baserria\/"},"modified":"2022-08-08T10:21:22","modified_gmt":"2022-08-08T08:21:22","slug":"baserria","status":"publish","type":"page","link":"https:\/\/fincavinedosdebutron.com\/eu\/baserria\/","title":{"rendered":"Finka"},"content":{"rendered":"<div class=\"wpb-content-wrapper\"><p>[vc_row full_width=&#8221;stretch_row&#8221; full_height=&#8221;yes&#8221; content_placement=&#8221;middle&#8221; css=&#8221;.vc_custom_1627470096303{margin-top: -50px !important;padding-top: 48px !important;padding-bottom: 48px !important;background-image: url(https:\/\/fincavinedosdebutron.com\/wp-content\/uploads\/2021\/07\/la-finca-bg.jpg?id=376) !important;background-position: center !important;background-repeat: no-repeat !important;background-size: cover !important;}&#8221;][vc_column width=&#8221;5\/12&#8243;][\/vc_column][vc_column width=&#8221;7\/12&#8243; css=&#8221;.vc_custom_1627470324531{border-right-width: 1px !important;padding-right: 32px !important;border-right-color: #ffffff !important;border-right-style: solid !important;}&#8221;][vc_column_text]<\/p>\n<h1 class=\"blanco uppercase texto-dcha\">Zer du berezi gure baserriak?<\/h1>\n<p>[\/vc_column_text][vc_column_text css=&#8221;.vc_custom_1627470276460{margin-top: 48px !important;}&#8221;]<\/p>\n<p class=\"blanco texto-dcha h6-size\">Finca Vi\u00f1edos Butr\u00f3n zabalgune idiliko batean dago, fruta-arbolez, basoz, mahastiz, erreka bat eta Butroiko gaztelu enblematikoaren bista zoragarriez inguratuta.<\/p>\n<p class=\"blanco texto-dcha h6-size\">Mila gune ezberdin ditugu kanpoko ekitaldietarako!<\/p>\n<p class=\"blanco texto-dcha h6-size\">Zure ekitaldia euri edo distira ezin hobea izan dadin prest gaude. Gainera, Getxotik 15 minutura eta Bilbotik 20ra gaude.<\/p>\n<p>[\/vc_column_text][\/vc_column][\/vc_row][vc_section el_class=&#8221;section-lafinca&#8221;][vc_row gap=&#8221;25&#8243; equal_height=&#8221;yes&#8221; content_placement=&#8221;middle&#8221;][vc_column width=&#8221;5\/12&#8243; el_class=&#8221;order2&#8243;][vc_column_text]<\/p>\n<h2>Espazio zabala<\/h2>\n<p>[\/vc_column_text][vc_separator color=&#8221;black&#8221; align=&#8221;align_left&#8221; css=&#8221;.vc_custom_1627471312390{margin-top: 16px !important;}&#8221;][vc_column_text css=&#8221;.vc_custom_1631198988613{margin-top: 48px !important;}&#8221;]<\/p>\n<ul class=\"lista-simple\">\n<li><strong>Karpa handi<\/strong> bat dugu era guztietako ezkontzak antolatzeko<\/li>\n<li>Ezin <strong>hobeto hornitutako bainugelak<\/strong> ditugu xehetasun guztiekin. Horrez gain, edozein motatako ekitaldietarako pentsatzen ari dira. Ispilu eta apaingailurik ez da faltako!<\/li>\n<li><strong>Aparkalekua<\/strong> eta sarbide zabala.<\/li>\n<li><strong>Indarrean dauden arau guztiak betetzen ditugu<\/strong> : segurtasun eta autobabes plana, langile kualifikatuak eta prestatuak, inpaktu akustikoen azterketa,&#8230;<\/li>\n<\/ul>\n<p>[\/vc_column_text][\/vc_column][vc_column width=&#8221;7\/12&#8243; el_class=&#8221;order1&#8243;][vc_single_image image=&#8221;382&#8243; img_size=&#8221;full&#8221; alignment=&#8221;right&#8221; image_hovers=&#8221;false&#8221;][\/vc_column][\/vc_row][vc_row gap=&#8221;25&#8243; equal_height=&#8221;yes&#8221; content_placement=&#8221;middle&#8221;][vc_column width=&#8221;7\/12&#8243;][vc_single_image image=&#8221;381&#8243; img_size=&#8221;full&#8221; image_hovers=&#8221;false&#8221;][\/vc_column][vc_column width=&#8221;5\/12&#8243;][vc_column_text]<\/p>\n<h2>Ezkongaientzako eta haien gonbidatuentzako ostatua<\/h2>\n<p>[\/vc_column_text][vc_separator color=&#8221;black&#8221; align=&#8221;align_left&#8221; css=&#8221;.vc_custom_1627471312390{margin-top: 16px !important;}&#8221;][vc_column_text css=&#8221;.vc_custom_1627564219654{margin-top: 48px !important;}&#8221;]<\/p>\n<ul class=\"lista-simple\">\n<li><strong>Emaztegaiaren gela eta senargaiaren suitea<\/strong> oparitzen dizugu!<\/li>\n<li>Horrez gain, ekitaldi handiaren biharamunean <strong>gosaltzera gonbidatzen dugu bikotea<\/strong> *<\/li>\n<li><strong>Ezkongaien gonbidatuentzako ostatua<\/strong> (6 logela ditugu eta 12 lagunentzako lekua)<\/li>\n<li>&#8221; <strong>Ezkontza asteburua<\/strong> &#8221; antola dezakegu, piknik batekin, bisitak, ibilaldiekin&#8230;<\/li>\n<\/ul>\n<p><small>* Hurrengo egunean beste ekitaldirik ez dagoen bitartean. Adibidez, ostiralean ezkontzen bazara baina larunbatean beste ekitaldi bat antolatuta badago, ezin izango litzateke gosaria.<\/small>[\/vc_column_text][\/vc_column][\/vc_row][vc_row gap=&#8221;25&#8243; equal_height=&#8221;yes&#8221; content_placement=&#8221;middle&#8221;][vc_column width=&#8221;5\/12&#8243; el_class=&#8221;order2&#8243;][vc_column_text]<\/p>\n<h2>Oso polifazetikoa<\/h2>\n<p>[\/vc_column_text][vc_separator color=&#8221;black&#8221; align=&#8221;align_left&#8221; css=&#8221;.vc_custom_1627471312390{margin-top: 16px !important;}&#8221;][vc_column_text css=&#8221;.vc_custom_1627472239996{margin-top: 48px !important;}&#8221;]<\/p>\n<ul class=\"lista-simple\">\n<li><strong>Baserri barruan espazio desberdinak<\/strong> ditugu eta hamaiketakoa edo afaria nahi duzun tokian jar dezakegu. Finca Vi\u00f1edos de Butr\u00f3n <strong>-en erreka baten ondoan afaldu edo Butroiko gazteluaren bista ikusgarriekin afaldu daiteke<\/strong> .<\/li>\n<li>Sektoreko hornitzaile onenekin hitzarmenak ditugu<\/li>\n<\/ul>\n<p>[\/vc_column_text][\/vc_column][vc_column width=&#8221;7\/12&#8243;][vc_single_image image=&#8221;386&#8243; img_size=&#8221;full&#8221; image_hovers=&#8221;false&#8221;][\/vc_column][\/vc_row][vc_row gap=&#8221;25&#8243; equal_height=&#8221;yes&#8221; content_placement=&#8221;middle&#8221;][vc_column width=&#8221;7\/12&#8243;][vc_single_image image=&#8221;384&#8243; img_size=&#8221;full&#8221; image_hovers=&#8221;false&#8221;][\/vc_column][vc_column width=&#8221;5\/12&#8243;][vc_column_text]<\/p>\n<h2>Zure ametsetako dantza sortzen dugu<\/h2>\n<p>[\/vc_column_text][vc_separator color=&#8221;black&#8221; align=&#8221;align_left&#8221; css=&#8221;.vc_custom_1627471312390{margin-top: 16px !important;}&#8221;][vc_column_text css=&#8221;.vc_custom_1631198823696{margin-top: 48px !important;}&#8221;]<\/p>\n<ul class=\"lista-simple\">\n<li><strong>Goi mailako ekitaldien antolaketan espezialistak gara<\/strong> eta, horregatik, dantzak dira gure espezialitateetako bat.<\/li>\n<li>Ekiporik onena dugu, DJak&#8230;<\/li>\n<li>Festaz gozatzea gure baserriaren eta gurekin lan egiten duten enpresen filosofiaren parte da. Horretarako <strong>inpaktu akustikoko azterketa<\/strong> bat egin dugu .<\/li>\n<\/ul>\n<p>[\/vc_column_text][\/vc_column][\/vc_row][vc_row gap=&#8221;25&#8243; equal_height=&#8221;yes&#8221; content_placement=&#8221;middle&#8221;][vc_column width=&#8221;5\/12&#8243; el_class=&#8221;order2&#8243;][vc_column_text]<\/p>\n<h2>Talde profesionala eta sektoreko hornitzaile onenak<\/h2>\n<p>[\/vc_column_text][vc_separator color=&#8221;black&#8221; align=&#8221;align_left&#8221; css=&#8221;.vc_custom_1627471312390{margin-top: 16px !important;}&#8221;][vc_column_text css=&#8221;.vc_custom_1627564311599{margin-top: 48px !important;}&#8221;]<\/p>\n<ul class=\"lista-simple\">\n<li>Gure taldea <strong>ezkontza eta ekitaldien sektorea ezin hobeto ezagutzen duten profesionalek<\/strong> osatzen dute.<\/li>\n<li><strong>Premium zerbitzua<\/strong> dugu festak antolatzeko zerbitzu berezi bat, foodtrucks&#8230; bilatzen duten guztientzat.<\/li>\n<li><strong>Gure baserriko langileak<\/strong> Gizarte Segurantzan alta emanda daude, eta laneko arriskuen prebentzio eta autobabes planak ditugu (larrialdietarako irteerak, segurtasuna,&#8230;). Elikagaien manipulazioari, eragin akustikoari eta ustiategian egingo diren jarduera guztiei dagozkien ziurtagiriez gain.<\/li>\n<\/ul>\n<p>[\/vc_column_text][\/vc_column][vc_column width=&#8221;7\/12&#8243;][vc_single_image image=&#8221;385&#8243; img_size=&#8221;full&#8221; image_hovers=&#8221;false&#8221;][\/vc_column][\/vc_row][vc_row gap=&#8221;25&#8243; equal_height=&#8221;yes&#8221; content_placement=&#8221;middle&#8221;][vc_column width=&#8221;7\/12&#8243;][vc_single_image image=&#8221;383&#8243; img_size=&#8221;full&#8221; image_hovers=&#8221;false&#8221;][\/vc_column][vc_column width=&#8221;5\/12&#8243;][vc_column_text]<\/p>\n<h2>Bilboko eta Getxoko hiriguneekiko hurbiltasuna<\/h2>\n<p>[\/vc_column_text][vc_separator color=&#8221;black&#8221; align=&#8221;align_left&#8221; css=&#8221;.vc_custom_1627471312390{margin-top: 16px !important;}&#8221;][vc_column_text css=&#8221;.vc_custom_1627472547599{margin-top: 48px !important;}&#8221;]<\/p>\n<ul class=\"lista-simple\">\n<li>Bilbotik 20 minutura eta Getxotik 15 minutura<\/li>\n<\/ul>\n<p>[\/vc_column_text][\/vc_column][\/vc_row][\/vc_section][vc_section full_width=&#8221;stretch_row&#8221; content_placement=&#8221;middle&#8221; css=&#8221;.vc_custom_1627398384571{margin-top: 64px !important;background-image: url(https:\/\/fincavinedosdebutron.com\/wp-content\/uploads\/2021\/07\/finca-vinedos-contacto.jpg?id=298) !important;background-position: center !important;background-repeat: no-repeat !important;background-size: contain !important;}&#8221; el_class=&#8221;section-contacto&#8221;][vc_row css=&#8221;.vc_custom_1627385210711{margin-top: 64px !important;}&#8221;][vc_column offset=&#8221;vc_hidden-lg vc_hidden-md vc_col-xs-12&#8243; css=&#8221;.vc_custom_1627385280683{margin-top: 64px !important;padding-top: 250px !important;padding-bottom: 250px !important;background-image: url(https:\/\/fincavinedosdebutron.com\/wp-content\/uploads\/2021\/07\/finca-vinedos-contacto.jpg?id=298) !important;background-position: center !important;background-repeat: no-repeat !important;background-size: cover !important;}&#8221;][\/vc_column][vc_column css=&#8221;.vc_custom_1627385326809{padding-top: 48px !important;padding-right: 32px !important;padding-bottom: 48px !important;padding-left: 32px !important;background-color: #e5e0da !important;}&#8221; el_class=&#8221;contacto-home&#8221; offset=&#8221;vc_hidden-lg vc_hidden-md vc_col-xs-12&#8243;][vc_column_text]<\/p>\n<h2>harremanetan jarri<br \/>\ntaldea<\/h2>\n<p>[\/vc_column_text][vc_column_text css=&#8221;.vc_custom_1624621893626{margin-top: 80px !important;}&#8221;]Gure taldea era guztietako ekitaldietan aditua da eta prozesu osoan zehar aholkatzen dizute, zure ezkontza ezin hobea izan dadin eta gonbidatuengan WOW efektua lor dezazun.[\/vc_column_text][vc_column_text css=&#8221;.vc_custom_1627374850213{margin-top: 64px !important;margin-bottom: 64px !important;}&#8221;]<a class=\"link\" href=\"#\">ezagutzen gaitu<\/a>[\/vc_column_text]\n<div class=\"wpcf7 no-js\" id=\"wpcf7-f108-o1\" lang=\"es-ES\" dir=\"ltr\" data-wpcf7-id=\"108\">\n<div class=\"screen-reader-response\"><p role=\"status\" aria-live=\"polite\" aria-atomic=\"true\"><\/p> <ul><\/ul><\/div>\n<form action=\"\/eu\/wp-json\/wp\/v2\/pages\/625#wpcf7-f108-o1\" method=\"post\" class=\"wpcf7-form init\" aria-label=\"Contact form\" novalidate=\"novalidate\" data-status=\"init\">\n<fieldset class=\"hidden-fields-container\"><input type=\"hidden\" name=\"_wpcf7\" value=\"108\" \/><input type=\"hidden\" name=\"_wpcf7_version\" value=\"6.1.5\" \/><input type=\"hidden\" name=\"_wpcf7_locale\" value=\"es_ES\" \/><input type=\"hidden\" name=\"_wpcf7_unit_tag\" value=\"wpcf7-f108-o1\" \/><input type=\"hidden\" name=\"_wpcf7_container_post\" value=\"0\" \/><input type=\"hidden\" name=\"_wpcf7_posted_data_hash\" value=\"\" \/><input type=\"hidden\" name=\"_wpcf7_recaptcha_response\" value=\"\" \/>\n<\/fieldset>\n<div class=\"vc_row\">\n\t<div class=\"vc_col-md-12\">\n\t\t<p><span class=\"wpcf7-form-control-wrap\" data-name=\"nombre\"><input size=\"40\" maxlength=\"400\" class=\"wpcf7-form-control wpcf7-text wpcf7-validates-as-required\" aria-required=\"true\" aria-invalid=\"false\" placeholder=\"\u00bfC\u00f3mo os llam\u00e1is? *\" value=\"\" type=\"text\" name=\"nombre\" \/><\/span>\n\t\t<\/p>\n\t<\/div>\n\t<div class=\"vc_col-md-6\">\n\t\t<p><span class=\"wpcf7-form-control-wrap\" data-name=\"fecha\"><input size=\"40\" maxlength=\"400\" class=\"wpcf7-form-control wpcf7-text wpcf7-validates-as-required\" aria-required=\"true\" aria-invalid=\"false\" placeholder=\"Fecha del evento *\" value=\"\" type=\"text\" name=\"fecha\" \/><\/span>\n\t\t<\/p>\n\t<\/div>\n\t<div class=\"vc_col-md-6\">\n\t\t<p><span class=\"wpcf7-form-control-wrap\" data-name=\"invitados\"><input size=\"40\" maxlength=\"400\" class=\"wpcf7-form-control wpcf7-text wpcf7-validates-as-required\" aria-required=\"true\" aria-invalid=\"false\" placeholder=\"N\u00ba aprox de invitados *\" value=\"\" type=\"text\" name=\"invitados\" \/><\/span>\n\t\t<\/p>\n\t<\/div>\n\t<div class=\"vc_col-md-6\">\n\t\t<p><span class=\"wpcf7-form-control-wrap\" data-name=\"telefono\"><input size=\"40\" maxlength=\"400\" class=\"wpcf7-form-control wpcf7-tel wpcf7-validates-as-required wpcf7-text wpcf7-validates-as-tel\" aria-required=\"true\" aria-invalid=\"false\" placeholder=\"Tel\u00e9fono *\" value=\"\" type=\"tel\" name=\"telefono\" \/><\/span>\n\t\t<\/p>\n\t<\/div>\n\t<div class=\"vc_col-md-6\">\n\t\t<p><span class=\"wpcf7-form-control-wrap\" data-name=\"email\"><input size=\"40\" maxlength=\"400\" class=\"wpcf7-form-control wpcf7-email wpcf7-validates-as-required wpcf7-text wpcf7-validates-as-email\" aria-required=\"true\" aria-invalid=\"false\" placeholder=\"E-mail *\" value=\"\" type=\"email\" name=\"email\" \/><\/span>\n\t\t<\/p>\n\t<\/div>\n\t<div class=\"vc_col-md-12\">\n\t\t<p><span class=\"wpcf7-form-control-wrap\" data-name=\"mensaje\"><textarea cols=\"40\" rows=\"4\" maxlength=\"2000\" class=\"wpcf7-form-control wpcf7-textarea\" aria-invalid=\"false\" placeholder=\"\u00bfQuer\u00e9is contarnos m\u00e1s?\" name=\"mensaje\"><\/textarea><\/span>\n\t\t<\/p>\n\t<\/div>\n<\/div>\n<div class=\"vc_row\">\n\t<div class=\"vc_col-md-12\">\n\t\t<p><span class=\"wpcf7-form-control-wrap\" data-name=\"acceptance-200\"><span class=\"wpcf7-form-control wpcf7-acceptance\"><span class=\"wpcf7-list-item\"><input type=\"checkbox\" name=\"acceptance-200\" value=\"1\" aria-invalid=\"false\" \/><\/span><\/span><\/span> Acepto la pol\u00edtica de privacidad\n\t\t<\/p>\n\t\t<p style=\"font-size: 12px; line-height:1.2rem; color:#666;\"><br \/>\nLos campos marcados con (*) son obligatorios.<br \/>\n1. Administrador de datos: Finca Vi\u00f1edos de Butr\u00f3n<br \/>\n2. Prop\u00f3sito de datos: Relaci\u00f3n comercial e informaci\u00f3n sobre nuestros productos y servicios.<br \/>\n3. Almacenamiento de datos: Base de datos alojada en Cloudflare<br \/>\n4. Derechos: En cualquier momento puede <a href=\"\/politica-de-privacidad-politica-de-cookies-y-aviso-legal\/\" target=\"_blank\">limitar, recuperar, y eliminar su informaci\u00f3n.<\/a>\n\t\t<\/p>\n\t\t<p><input class=\"wpcf7-form-control wpcf7-submit has-spinner\" type=\"submit\" value=\"Enviar\" \/>\n\t\t<\/p>\n\t<\/div>\n<\/div><div class=\"wpcf7-response-output\" aria-hidden=\"true\"><\/div>\n<\/form>\n<\/div>\n[\/vc_column][\/vc_row][vc_row][vc_column css=&#8221;.vc_custom_1627388434218{padding-top: 48px !important;padding-right: 32px !important;padding-bottom: 48px !important;padding-left: 80px !important;background-color: #e5e0da !important;}&#8221; el_class=&#8221;contacto-home&#8221; offset=&#8221;vc_col-lg-7 vc_col-md-6 vc_hidden-sm vc_hidden-xs&#8221;][vc_column_text]<\/p>\n<h2>harremanetan jarri<br \/>\ntaldea<\/h2>\n<p>[\/vc_column_text][vc_column_text css=&#8221;.vc_custom_1624621893626{margin-top: 80px !important;}&#8221;]Gure taldea era guztietako ekitaldietan aditua da eta prozesu osoan zehar aholkatzen dizute, zure ezkontza ezin hobea izan dadin eta gonbidatuengan WOW efektua lor dezazun.[\/vc_column_text][vc_column_text css=&#8221;.vc_custom_1627374850213{margin-top: 64px !important;margin-bottom: 64px !important;}&#8221;]<a class=\"link\" href=\"#\">ezagutzen gaitu<\/a>[\/vc_column_text]\n<div class=\"wpcf7 no-js\" id=\"wpcf7-f647-o2\" lang=\"es-ES\" dir=\"ltr\" data-wpcf7-id=\"647\">\n<div class=\"screen-reader-response\"><p role=\"status\" aria-live=\"polite\" aria-atomic=\"true\"><\/p> <ul><\/ul><\/div>\n<form action=\"\/eu\/wp-json\/wp\/v2\/pages\/625#wpcf7-f647-o2\" method=\"post\" class=\"wpcf7-form init\" aria-label=\"Contact form\" novalidate=\"novalidate\" data-status=\"init\">\n<fieldset class=\"hidden-fields-container\"><input type=\"hidden\" name=\"_wpcf7\" value=\"647\" \/><input type=\"hidden\" name=\"_wpcf7_version\" value=\"6.1.5\" \/><input type=\"hidden\" name=\"_wpcf7_locale\" value=\"es_ES\" \/><input type=\"hidden\" name=\"_wpcf7_unit_tag\" value=\"wpcf7-f647-o2\" \/><input type=\"hidden\" name=\"_wpcf7_container_post\" value=\"0\" \/><input type=\"hidden\" name=\"_wpcf7_posted_data_hash\" value=\"\" \/><input type=\"hidden\" name=\"_wpcf7_recaptcha_response\" value=\"\" \/>\n<\/fieldset>\n<div class=\"vc_row\">\n\t<div class=\"vc_col-md-12\">\n\t\t<p><span class=\"wpcf7-form-control-wrap\" data-name=\"nombre\"><input size=\"40\" maxlength=\"400\" class=\"wpcf7-form-control wpcf7-text wpcf7-validates-as-required\" aria-required=\"true\" aria-invalid=\"false\" placeholder=\"Nola duzue izena?*\" value=\"\" type=\"text\" name=\"nombre\" \/><\/span>\n\t\t<\/p>\n\t<\/div>\n\t<div class=\"vc_col-md-6\">\n\t\t<p><span class=\"wpcf7-form-control-wrap\" data-name=\"fecha\"><input size=\"40\" maxlength=\"400\" class=\"wpcf7-form-control wpcf7-text wpcf7-validates-as-required\" aria-required=\"true\" aria-invalid=\"false\" placeholder=\"Ekitaldiaren data *\" value=\"\" type=\"text\" name=\"fecha\" \/><\/span>\n\t\t<\/p>\n\t<\/div>\n\t<div class=\"vc_col-md-6\">\n\t\t<p><span class=\"wpcf7-form-control-wrap\" data-name=\"invitados\"><input size=\"40\" maxlength=\"400\" class=\"wpcf7-form-control wpcf7-text wpcf7-validates-as-required\" aria-required=\"true\" aria-invalid=\"false\" placeholder=\"Gonbidatuen kopurua, gutxi gorabehera *\" value=\"\" type=\"text\" name=\"invitados\" \/><\/span>\n\t\t<\/p>\n\t<\/div>\n\t<div class=\"vc_col-md-6\">\n\t\t<p><span class=\"wpcf7-form-control-wrap\" data-name=\"telefono\"><input size=\"40\" maxlength=\"400\" class=\"wpcf7-form-control wpcf7-tel wpcf7-validates-as-required wpcf7-text wpcf7-validates-as-tel\" aria-required=\"true\" aria-invalid=\"false\" placeholder=\"Telefonoa *\" value=\"\" type=\"tel\" name=\"telefono\" \/><\/span>\n\t\t<\/p>\n\t<\/div>\n\t<div class=\"vc_col-md-6\">\n\t\t<p><span class=\"wpcf7-form-control-wrap\" data-name=\"email\"><input size=\"40\" maxlength=\"400\" class=\"wpcf7-form-control wpcf7-email wpcf7-validates-as-required wpcf7-text wpcf7-validates-as-email\" aria-required=\"true\" aria-invalid=\"false\" placeholder=\"Posta elektronikoa *\" value=\"\" type=\"email\" name=\"email\" \/><\/span>\n\t\t<\/p>\n\t<\/div>\n\t<div class=\"vc_col-md-12\">\n\t\t<p><span class=\"wpcf7-form-control-wrap\" data-name=\"mensaje\"><textarea cols=\"40\" rows=\"4\" maxlength=\"2000\" class=\"wpcf7-form-control wpcf7-textarea\" aria-invalid=\"false\" placeholder=\"Gehiago kontatu nahi diguzue?\" name=\"mensaje\"><\/textarea><\/span>\n\t\t<\/p>\n\t<\/div>\n<\/div>\n<div class=\"vc_row\">\n\t<div class=\"vc_col-md-12\">\n\t\t<p><span class=\"wpcf7-form-control-wrap\" data-name=\"acceptance-200\"><span class=\"wpcf7-form-control wpcf7-acceptance\"><span class=\"wpcf7-list-item\"><input type=\"checkbox\" name=\"acceptance-200\" value=\"1\" aria-invalid=\"false\" \/><\/span><\/span><\/span> Pribatutasun politika onartzen dut<br \/>\n(*) duten eremuak nahitaezkoak dira.<br \/>\n1. Datuen administratzailea: Butroeko mahastien finka<br \/>\n2. Datuen asmoa: harreman komertziala eta gure produktu eta zerbitzuei buruzko informazioa.<br \/>\n3. Datuak biltegiratzea: Cloudflare-n dagoen datu-basea<br \/>\n4. Eskubideak: edozein unetan <a href=\"\/politica-de-privacidad-politica-de-cookies-y-aviso-legal\/\" target=\"_blank\" >mugatu, berreskuratu eta ezabatu dezake informazioa.<\/a>\n\t\t<\/p>\n\t\t<p><input class=\"wpcf7-form-control wpcf7-submit has-spinner\" type=\"submit\" value=\"Bidali\" \/>\n\t\t<\/p>\n\t<\/div>\n<\/div><div class=\"wpcf7-response-output\" aria-hidden=\"true\"><\/div>\n<\/form>\n<\/div>\n[\/vc_column][vc_column css=&#8221;.vc_custom_1627470582898{margin-top: 120px !important;padding-top: 48px !important;padding-right: 48px !important;padding-bottom: 48px !important;padding-left: 48px !important;}&#8221; offset=&#8221;vc_col-lg-4 vc_col-md-6 vc_hidden-sm vc_col-xs-12 vc_hidden-xs&#8221;][\/vc_column][vc_column width=&#8221;1\/12&#8243;][\/vc_column][\/vc_row][\/vc_section]<\/p>\n<\/div>","protected":false},"excerpt":{"rendered":"<p>[vc_row full_width=&#8221;stretch_row&#8221; full_height=&#8221;yes&#8221; content_placement=&#8221;middle&#8221; css=&#8221;.vc_custom_1627470096303{margin-top: -50px !important;padding-top: 48px !important;padding-bottom: 48px !important;background-image: url(https:\/\/fincavinedosdebutron.com\/wp-content\/uploads\/2021\/07\/la-finca-bg.jpg?id=376) !important;background-position: center !important;background-repeat: no-repeat !important;background-size: cover !important;}&#8221;][vc_column width=&#8221;5\/12&#8243;][\/vc_column][vc_column width=&#8221;7\/12&#8243; css=&#8221;.vc_custom_1627470324531{border-right-width: 1px !important;padding-right: 32px !important;border-right-color: #ffffff !important;border-right-style: solid !important;}&#8221;][vc_column_text] Zer du berezi gure baserriak? [\/vc_column_text][vc_column_text css=&#8221;.vc_custom_1627470276460{margin-top: 48px !important;}&#8221;] Finca Vi\u00f1edos Butr\u00f3n zabalgune idiliko batean dago, fruta-arbolez, basoz, mahastiz, erreka bat eta Butroiko gaztelu enblematikoaren&hellip;<\/p>\n","protected":false},"author":1,"featured_media":0,"parent":0,"menu_order":0,"comment_status":"closed","ping_status":"open","template":"","meta":{"_acf_changed":false,"footnotes":""},"class_list":["post-625","page","type-page","status-publish","hentry","description-off"],"acf":[],"yoast_head":"<!-- This site is optimized with the Yoast SEO plugin v27.4 - https:\/\/yoast.com\/product\/yoast-seo-wordpress\/ -->\n<title>Finka - Finca Vi\u00f1edos de Butr\u00f3n<\/title>\n<meta name=\"robots\" content=\"index, follow, max-snippet:-1, max-image-preview:large, max-video-preview:-1\" \/>\n<link rel=\"canonical\" href=\"https:\/\/fincavinedosdebutron.com\/eu\/baserria\/\" \/>\n<meta property=\"og:locale\" content=\"eu_ES\" \/>\n<meta property=\"og:type\" content=\"article\" \/>\n<meta property=\"og:title\" content=\"Finka - Finca Vi\u00f1edos de Butr\u00f3n\" \/>\n<meta property=\"og:description\" content=\"[vc_row full_width=&#8221;stretch_row&#8221; full_height=&#8221;yes&#8221; content_placement=&#8221;middle&#8221; css=&#8221;.vc_custom_1627470096303{margin-top: -50px !important;padding-top: 48px !important;padding-bottom: 48px !important;background-image: url(https:\/\/fincavinedosdebutron.com\/wp-content\/uploads\/2021\/07\/la-finca-bg.jpg?id=376) !important;background-position: center !important;background-repeat: no-repeat !important;background-size: cover !important;}&#8221;][vc_column width=&#8221;5\/12&#8243;][\/vc_column][vc_column width=&#8221;7\/12&#8243; css=&#8221;.vc_custom_1627470324531{border-right-width: 1px !important;padding-right: 32px !important;border-right-color: #ffffff !important;border-right-style: solid !important;}&#8221;][vc_column_text] Zer du berezi gure baserriak? [\/vc_column_text][vc_column_text css=&#8221;.vc_custom_1627470276460{margin-top: 48px !important;}&#8221;] Finca Vi\u00f1edos Butr\u00f3n zabalgune idiliko batean dago, fruta-arbolez, basoz, mahastiz, erreka bat eta Butroiko gaztelu enblematikoaren&hellip;\" \/>\n<meta property=\"og:url\" content=\"https:\/\/fincavinedosdebutron.com\/eu\/baserria\/\" \/>\n<meta property=\"og:site_name\" content=\"Finca Vi\u00f1edos de Butr\u00f3n\" \/>\n<meta property=\"article:modified_time\" content=\"2022-08-08T08:21:22+00:00\" \/>\n<meta name=\"twitter:card\" content=\"summary_large_image\" \/>\n<meta name=\"twitter:label1\" content=\"Est. reading time\" \/>\n\t<meta name=\"twitter:data1\" content=\"3 minutes\" \/>\n<script type=\"application\/ld+json\" class=\"yoast-schema-graph\">{\"@context\":\"https:\\\/\\\/schema.org\",\"@graph\":[{\"@type\":\"WebPage\",\"@id\":\"https:\\\/\\\/fincavinedosdebutron.com\\\/eu\\\/baserria\\\/\",\"url\":\"https:\\\/\\\/fincavinedosdebutron.com\\\/eu\\\/baserria\\\/\",\"name\":\"Finka - Finca Vi\u00f1edos de Butr\u00f3n\",\"isPartOf\":{\"@id\":\"https:\\\/\\\/fincavinedosdebutron.com\\\/de\\\/#website\"},\"datePublished\":\"2021-07-28T11:45:33+00:00\",\"dateModified\":\"2022-08-08T08:21:22+00:00\",\"breadcrumb\":{\"@id\":\"https:\\\/\\\/fincavinedosdebutron.com\\\/eu\\\/baserria\\\/#breadcrumb\"},\"inLanguage\":\"eu-ES\",\"potentialAction\":[{\"@type\":\"ReadAction\",\"target\":[\"https:\\\/\\\/fincavinedosdebutron.com\\\/eu\\\/baserria\\\/\"]}]},{\"@type\":\"BreadcrumbList\",\"@id\":\"https:\\\/\\\/fincavinedosdebutron.com\\\/eu\\\/baserria\\\/#breadcrumb\",\"itemListElement\":[{\"@type\":\"ListItem\",\"position\":1,\"name\":\"Portada\",\"item\":\"https:\\\/\\\/fincavinedosdebutron.com\\\/eu\\\/\"},{\"@type\":\"ListItem\",\"position\":2,\"name\":\"Finka\"}]},{\"@type\":\"WebSite\",\"@id\":\"https:\\\/\\\/fincavinedosdebutron.com\\\/de\\\/#website\",\"url\":\"https:\\\/\\\/fincavinedosdebutron.com\\\/de\\\/\",\"name\":\"Finca Vi\u00f1edos de Butr\u00f3n\",\"description\":\"Otro sitio realizado con WordPress\",\"potentialAction\":[{\"@type\":\"SearchAction\",\"target\":{\"@type\":\"EntryPoint\",\"urlTemplate\":\"https:\\\/\\\/fincavinedosdebutron.com\\\/de\\\/?s={search_term_string}\"},\"query-input\":{\"@type\":\"PropertyValueSpecification\",\"valueRequired\":true,\"valueName\":\"search_term_string\"}}],\"inLanguage\":\"eu-ES\"}]}<\/script>\n<!-- \/ Yoast SEO plugin. -->","yoast_head_json":{"title":"Finka - Finca Vi\u00f1edos de Butr\u00f3n","robots":{"index":"index","follow":"follow","max-snippet":"max-snippet:-1","max-image-preview":"max-image-preview:large","max-video-preview":"max-video-preview:-1"},"canonical":"https:\/\/fincavinedosdebutron.com\/eu\/baserria\/","og_locale":"eu_ES","og_type":"article","og_title":"Finka - Finca Vi\u00f1edos de Butr\u00f3n","og_description":"[vc_row full_width=&#8221;stretch_row&#8221; full_height=&#8221;yes&#8221; content_placement=&#8221;middle&#8221; css=&#8221;.vc_custom_1627470096303{margin-top: -50px !important;padding-top: 48px !important;padding-bottom: 48px !important;background-image: url(https:\/\/fincavinedosdebutron.com\/wp-content\/uploads\/2021\/07\/la-finca-bg.jpg?id=376) !important;background-position: center !important;background-repeat: no-repeat !important;background-size: cover !important;}&#8221;][vc_column width=&#8221;5\/12&#8243;][\/vc_column][vc_column width=&#8221;7\/12&#8243; css=&#8221;.vc_custom_1627470324531{border-right-width: 1px !important;padding-right: 32px !important;border-right-color: #ffffff !important;border-right-style: solid !important;}&#8221;][vc_column_text] Zer du berezi gure baserriak? [\/vc_column_text][vc_column_text css=&#8221;.vc_custom_1627470276460{margin-top: 48px !important;}&#8221;] Finca Vi\u00f1edos Butr\u00f3n zabalgune idiliko batean dago, fruta-arbolez, basoz, mahastiz, erreka bat eta Butroiko gaztelu enblematikoaren&hellip;","og_url":"https:\/\/fincavinedosdebutron.com\/eu\/baserria\/","og_site_name":"Finca Vi\u00f1edos de Butr\u00f3n","article_modified_time":"2022-08-08T08:21:22+00:00","twitter_card":"summary_large_image","twitter_misc":{"Est. reading time":"3 minutes"},"schema":{"@context":"https:\/\/schema.org","@graph":[{"@type":"WebPage","@id":"https:\/\/fincavinedosdebutron.com\/eu\/baserria\/","url":"https:\/\/fincavinedosdebutron.com\/eu\/baserria\/","name":"Finka - Finca Vi\u00f1edos de Butr\u00f3n","isPartOf":{"@id":"https:\/\/fincavinedosdebutron.com\/de\/#website"},"datePublished":"2021-07-28T11:45:33+00:00","dateModified":"2022-08-08T08:21:22+00:00","breadcrumb":{"@id":"https:\/\/fincavinedosdebutron.com\/eu\/baserria\/#breadcrumb"},"inLanguage":"eu-ES","potentialAction":[{"@type":"ReadAction","target":["https:\/\/fincavinedosdebutron.com\/eu\/baserria\/"]}]},{"@type":"BreadcrumbList","@id":"https:\/\/fincavinedosdebutron.com\/eu\/baserria\/#breadcrumb","itemListElement":[{"@type":"ListItem","position":1,"name":"Portada","item":"https:\/\/fincavinedosdebutron.com\/eu\/"},{"@type":"ListItem","position":2,"name":"Finka"}]},{"@type":"WebSite","@id":"https:\/\/fincavinedosdebutron.com\/de\/#website","url":"https:\/\/fincavinedosdebutron.com\/de\/","name":"Finca Vi\u00f1edos de Butr\u00f3n","description":"Otro sitio realizado con WordPress","potentialAction":[{"@type":"SearchAction","target":{"@type":"EntryPoint","urlTemplate":"https:\/\/fincavinedosdebutron.com\/de\/?s={search_term_string}"},"query-input":{"@type":"PropertyValueSpecification","valueRequired":true,"valueName":"search_term_string"}}],"inLanguage":"eu-ES"}]}},"_links":{"self":[{"href":"https:\/\/fincavinedosdebutron.com\/eu\/wp-json\/wp\/v2\/pages\/625","targetHints":{"allow":["GET"]}}],"collection":[{"href":"https:\/\/fincavinedosdebutron.com\/eu\/wp-json\/wp\/v2\/pages"}],"about":[{"href":"https:\/\/fincavinedosdebutron.com\/eu\/wp-json\/wp\/v2\/types\/page"}],"author":[{"embeddable":true,"href":"https:\/\/fincavinedosdebutron.com\/eu\/wp-json\/wp\/v2\/users\/1"}],"replies":[{"embeddable":true,"href":"https:\/\/fincavinedosdebutron.com\/eu\/wp-json\/wp\/v2\/comments?post=625"}],"version-history":[{"count":5,"href":"https:\/\/fincavinedosdebutron.com\/eu\/wp-json\/wp\/v2\/pages\/625\/revisions"}],"predecessor-version":[{"id":651,"href":"https:\/\/fincavinedosdebutron.com\/eu\/wp-json\/wp\/v2\/pages\/625\/revisions\/651"}],"wp:attachment":[{"href":"https:\/\/fincavinedosdebutron.com\/eu\/wp-json\/wp\/v2\/media?parent=625"}],"curies":[{"name":"wp","href":"https:\/\/api.w.org\/{rel}","templated":true}]}}