{"id":718,"date":"2021-07-28T15:33:13","date_gmt":"2021-07-28T13:33:13","guid":{"rendered":"https:\/\/fincavinedosdebutron.com\/mariages-et-evenements\/"},"modified":"2022-08-17T10:32:45","modified_gmt":"2022-08-17T08:32:45","slug":"mariages-et-evenements","status":"publish","type":"page","link":"https:\/\/fincavinedosdebutron.com\/fr\/mariages-et-evenements\/","title":{"rendered":"Mariages et \u00e9v\u00e9nements"},"content":{"rendered":"<div class=\"wpb-content-wrapper\"><p>[vc_row full_width=\u00a0\u00bbstretch_row\u00a0\u00bb full_height=\u00a0\u00bbyes\u00a0\u00bb content_placement=\u00a0\u00bbmiddle\u00a0\u00bb css=\u00a0\u00bb.vc_custom_1627474602672{margin-top: -50px !important;padding-top: 48px !important;padding-bottom: 48px !important;background-image: url(https:\/\/fincavinedosdebutron.com\/wp-content\/uploads\/2021\/07\/bodas-eventos-bg.jpg?id=374) !important;background-position: center !important;background-repeat: no-repeat !important;background-size: cover !important;}\u00a0\u00bb][vc_column width=\u00a0\u00bb5\/12&Prime;][\/vc_column][vc_column width=\u00a0\u00bb7\/12&Prime; css=\u00a0\u00bb.vc_custom_1627470324531{border-right-width: 1px !important;padding-right: 32px !important;border-right-color: #ffffff !important;border-right-style: solid !important;}\u00a0\u00bb][vc_column_text]<\/p>\n<h1 class=\"blanco uppercase texto-dcha\">Mariages et \u00e9v\u00e9nements<\/h1>\n<p>[\/vc_column_text][vc_column_text css=\u00a0\u00bb.vc_custom_1627474658980{margin-top: 48px !important;}\u00a0\u00bb]<\/p>\n<p class=\"blanco texto-dcha h6-size\">Nous aimons les mariages et les \u00e9v\u00e9nements, c\u2019est pourquoi <strong>nous avons des accords avec les meilleurs fournisseurs du secteur<\/strong>!<\/p>\n<p class=\"blanco texto-dcha h6-size\">Nous voulons que vous profitiez des pr\u00e9paratifs de votre mariage ou de votre \u00e9v\u00e9nement notre \u00e9quipe se chargera de <strong>personnaliser au maximum votre grand jour<\/strong> pour le rendre inoubliable.<\/p>\n<p>[\/vc_column_text][\/vc_column][\/vc_row][vc_row gap=\u00a0\u00bb25&Prime; equal_height=\u00a0\u00bbyes\u00a0\u00bb content_placement=\u00a0\u00bbmiddle\u00a0\u00bb css=\u00a0\u00bb.vc_custom_1627474830085{padding-top: 48px !important;padding-bottom: 48px !important;}\u00a0\u00bb][vc_column width=\u00a0\u00bb1\/2&Prime;][vc_column_text]<\/p>\n<h2>Qu\u2019est-ce que la passation de march\u00e9s de la ferme comprend?<\/h2>\n<p>[\/vc_column_text][vc_separator color=\u00a0\u00bbcustom\u00a0\u00bb accent_color=\u00a0\u00bbrgba(0,0,0,0.5)\u00a0\u00bb css=\u00a0\u00bb.vc_custom_1627374003499{margin-top: 16px !important;margin-bottom: 16px !important;}\u00a0\u00bb][\/vc_column][vc_column width=\u00a0\u00bb1\/2&Prime;][vc_column_text]Nous travaillons <strong>sur mesure pour chaque client<\/strong> : notre \u00e9quipe vous aidera, vous guidera, fera des recommandations et des propositions pour que tout se passe bien.<\/p>\n<p><strong>Nos clients viennent en premier<\/strong>, c\u2019est pourquoi nous voulons avoir les <strong>d\u00e9tails<\/strong> suivants avec eux:[\/vc_column_text][\/vc_column][\/vc_row][vc_section css=\u00a0\u00bb.vc_custom_1627374644073{padding-top: 40px !important;}\u00a0\u00bb][vc_row full_width=\u00a0\u00bbstretch_row\u00a0\u00bb equal_height=\u00a0\u00bbyes\u00a0\u00bb content_placement=\u00a0\u00bbbottom\u00a0\u00bb][vc_column width=\u00a0\u00bb1\/4&Prime; offset=\u00a0\u00bbvc_col-lg-3 vc_hidden-lg vc_col-md-3 vc_hidden-md vc_hidden-sm vc_col-xs-12&Prime; css=\u00a0\u00bb.vc_custom_1627478028689{background-image: url(https:\/\/fincavinedosdebutron.com\/wp-content\/uploads\/2021\/07\/habitacion-novia-icluida.jpg?id=406) !important;background-position: center !important;background-repeat: no-repeat !important;background-size: cover !important;}\u00a0\u00bb][vc_empty_space height=\u00a0\u00bb250px\u00a0\u00bb][\/vc_column][vc_column width=\u00a0\u00bb1\/4&Prime; css=\u00a0\u00bb.vc_custom_1627478063002{padding-top: 40px !important;padding-right: 40px !important;padding-bottom: 40px !important;padding-left: 40px !important;background-color: #e7d2d1 !important;}\u00a0\u00bb offset=\u00a0\u00bbvc_col-lg-3 vc_hidden-lg vc_col-md-3 vc_hidden-md vc_hidden-sm vc_col-xs-12&Prime;][vc_column_text]<\/p>\n<h2>01.<\/h2>\n<p>[\/vc_column_text][vc_column_text]<\/p>\n<h2>La chambre de la mari\u00e9e et la suite nuptiale<\/h2>\n<p>[\/vc_column_text][vc_separator color=\u00a0\u00bbcustom\u00a0\u00bb accent_color=\u00a0\u00bbrgba(0,0,0,0.49)\u00a0\u00bb css=\u00a0\u00bb.vc_custom_1627373765177{margin-top: 16px !important;margin-bottom: 16px !important;}\u00a0\u00bb][vc_column_text css=\u00a0\u00bb.vc_custom_1627474991910{margin-top: 80px !important;}\u00a0\u00bb]Si vous louez votre mariage ou \u00e9v\u00e9nement dans notre domaine <strong>, nous vous donnons la \u00ab&nbsp;chambre de la mari\u00e9e&nbsp;\u00bb<\/strong> pour les pr\u00e9paratifs du mariage et <strong>la suite nuptiale<\/strong> pour le jour du mariage.[\/vc_column_text][\/vc_column][vc_column width=\u00a0\u00bb1\/4&Prime; css=\u00a0\u00bb.vc_custom_1627478123303{background-image: url(https:\/\/fincavinedosdebutron.com\/wp-content\/uploads\/2021\/07\/habitacion-novia-suite-nupcial.jpg?id=412) !important;background-position: center !important;background-repeat: no-repeat !important;background-size: cover !important;}\u00a0\u00bb offset=\u00a0\u00bbvc_col-lg-3 vc_hidden-lg vc_col-md-3 vc_hidden-md vc_hidden-sm vc_col-xs-12&Prime;][vc_empty_space height=\u00a0\u00bb250px\u00a0\u00bb][\/vc_column][vc_column width=\u00a0\u00bb1\/4&Prime; offset=\u00a0\u00bbvc_hidden-lg vc_hidden-md vc_hidden-sm vc_col-xs-12&Prime;][\/vc_column][\/vc_row][vc_row full_width=\u00a0\u00bbstretch_row_content\u00a0\u00bb equal_height=\u00a0\u00bbyes\u00a0\u00bb content_placement=\u00a0\u00bbbottom\u00a0\u00bb][vc_column width=\u00a0\u00bb5\/12&Prime; el_class=\u00a0\u00bbfoto-dcha-finca\u00a0\u00bb css=\u00a0\u00bb.vc_custom_1627475333659{background-image: url(https:\/\/fincavinedosdebutron.com\/wp-content\/uploads\/2021\/07\/habitacion-novia-icluida.jpg?id=406) !important;background-position: center !important;background-repeat: no-repeat !important;background-size: cover !important;}\u00a0\u00bb offset=\u00a0\u00bbvc_col-lg-5 vc_col-md-5 vc_col-xs-12 vc_hidden-xs\u00a0\u00bb][\/vc_column][vc_column width=\u00a0\u00bb1\/2&Prime; css=\u00a0\u00bb.vc_custom_1627475609598{padding-top: 240px !important;padding-right: 40px !important;padding-bottom: 160px !important;padding-left: 40px !important;background-color: #e7d2d1 !important;}\u00a0\u00bb offset=\u00a0\u00bbvc_col-lg-4 vc_col-md-6 vc_col-xs-12 vc_hidden-xs\u00a0\u00bb][vc_row_inner][vc_column_inner width=\u00a0\u00bb1\/6&Prime;][vc_column_text]<\/p>\n<h2 class=\"numero-rotado\">01.<\/h2>\n<p>[\/vc_column_text][\/vc_column_inner][vc_column_inner width=\u00a0\u00bb5\/6&Prime;][vc_column_text]<\/p>\n<h2>La chambre de la mari\u00e9e et la suite nuptiale<\/h2>\n<p>[\/vc_column_text][vc_separator color=\u00a0\u00bbcustom\u00a0\u00bb accent_color=\u00a0\u00bbrgba(0,0,0,0.49)\u00a0\u00bb css=\u00a0\u00bb.vc_custom_1627373765177{margin-top: 16px !important;margin-bottom: 16px !important;}\u00a0\u00bb][vc_column_text css=\u00a0\u00bb.vc_custom_1627474991910{margin-top: 80px !important;}\u00a0\u00bb]Si vous louez votre mariage ou \u00e9v\u00e9nement dans notre domaine <strong>, nous vous donnons la \u00ab&nbsp;chambre de la mari\u00e9e&nbsp;\u00bb<\/strong> pour les pr\u00e9paratifs du mariage et <strong>la suite nuptiale<\/strong> pour le jour du mariage.[\/vc_column_text][\/vc_column_inner][\/vc_row_inner][\/vc_column][vc_column width=\u00a0\u00bb1\/2&Prime; offset=\u00a0\u00bbvc_col-lg-3 vc_col-md-3 vc_hidden-xs\u00a0\u00bb css=\u00a0\u00bb.vc_custom_1627475751679{background-image: url(https:\/\/fincavinedosdebutron.com\/wp-content\/uploads\/2021\/07\/habitacion-novia-suite-nupcial.jpg?id=412) !important;background-position: center !important;background-repeat: no-repeat !important;background-size: cover !important;}\u00a0\u00bb][\/vc_column][\/vc_row][\/vc_section][vc_section full_width=\u00a0\u00bbstretch_row\u00a0\u00bb content_placement=\u00a0\u00bbmiddle\u00a0\u00bb css=\u00a0\u00bb.vc_custom_1627478692202{margin-top: 40px !important;background-position: center !important;background-repeat: no-repeat !important;background-size: contain !important;}\u00a0\u00bb el_class=\u00a0\u00bbbg-right\u00a0\u00bb][vc_row full_width=\u00a0\u00bbstretch_row\u00a0\u00bb][vc_column offset=\u00a0\u00bbvc_col-lg-6 vc_hidden-lg vc_hidden-md vc_hidden-sm vc_col-xs-12&Prime;][vc_single_image image=\u00a0\u00bb414&Prime; img_size=\u00a0\u00bbfull\u00a0\u00bb image_hovers=\u00a0\u00bbfalse\u00a0\u00bb][\/vc_column][vc_column width=\u00a0\u00bb1\/2&Prime; css=\u00a0\u00bb.vc_custom_1627478453390{padding-top: 40px !important;padding-right: 40px !important;padding-bottom: 40px !important;padding-left: 40px !important;background-color: #e5e0da !important;}\u00a0\u00bb offset=\u00a0\u00bbvc_col-lg-6 vc_hidden-lg vc_col-md-6 vc_hidden-md vc_hidden-sm vc_col-xs-12&Prime;][vc_column_text]<\/p>\n<h2>02.<\/h2>\n<p>[\/vc_column_text][vc_column_text]<\/p>\n<h2>D\u00e9tails de la d\u00e9coration<\/h2>\n<p>[\/vc_column_text][vc_separator color=\u00a0\u00bbcustom\u00a0\u00bb accent_color=\u00a0\u00bbrgba(0,0,0,0.49)\u00a0\u00bb css=\u00a0\u00bb.vc_custom_1627373765177{margin-top: 16px !important;margin-bottom: 16px !important;}\u00a0\u00bb][vc_column_text css=\u00a0\u00bb.vc_custom_1627476072457{margin-top: 80px !important;}\u00a0\u00bb]Nous voulons que tous nos \u00e9v\u00e9nements aient une mise en sc\u00e8ne sp\u00e9ciale, nous inclurons donc des <strong>d\u00e9tails de d\u00e9coration de base<\/strong>.[\/vc_column_text][\/vc_column][\/vc_row][vc_row full_width=\u00a0\u00bbstretch_row\u00a0\u00bb el_class=\u00a0\u00bbbg-right none-mobile\u00a0\u00bb css=\u00a0\u00bb.vc_custom_1627478837897{padding-bottom: 80px !important;background-image: url(https:\/\/fincavinedosdebutron.com\/wp-content\/uploads\/2021\/07\/detalles-deco.jpg?id=414) !important;background-position: center !important;background-repeat: no-repeat !important;background-size: contain !important;}\u00a0\u00bb][vc_column width=\u00a0\u00bb1\/2&Prime; css=\u00a0\u00bb.vc_custom_1627478251243{padding-top: 120px !important;padding-right: 40px !important;padding-bottom: 320px !important;padding-left: 40px !important;background-color: #e5e0da !important;}\u00a0\u00bb offset=\u00a0\u00bbvc_col-lg-5 vc_col-md-6 vc_col-xs-12 vc_hidden-xs\u00a0\u00bb el_class=\u00a0\u00bbcol-detalles\u00a0\u00bb][vc_row_inner][vc_column_inner width=\u00a0\u00bb1\/6&Prime;][vc_column_text]<\/p>\n<h2 class=\"numero-rotado\">02.<\/h2>\n<p>[\/vc_column_text][\/vc_column_inner][vc_column_inner width=\u00a0\u00bb5\/6&Prime;][vc_column_text]<\/p>\n<h2>D\u00e9tails de la d\u00e9coration<\/h2>\n<p>[\/vc_column_text][vc_separator color=\u00a0\u00bbcustom\u00a0\u00bb accent_color=\u00a0\u00bbrgba(0,0,0,0.49)\u00a0\u00bb css=\u00a0\u00bb.vc_custom_1627373765177{margin-top: 16px !important;margin-bottom: 16px !important;}\u00a0\u00bb][vc_column_text css=\u00a0\u00bb.vc_custom_1627476072457{margin-top: 80px !important;}\u00a0\u00bb]Nous voulons que tous nos \u00e9v\u00e9nements aient une mise en sc\u00e8ne sp\u00e9ciale, nous inclurons donc des <strong>d\u00e9tails de d\u00e9coration de base<\/strong>.[\/vc_column_text][\/vc_column_inner][\/vc_row_inner][\/vc_column][vc_column width=\u00a0\u00bb1\/2&Prime; offset=\u00a0\u00bbvc_col-lg-7 vc_hidden-md vc_hidden-sm vc_hidden-xs\u00a0\u00bb][\/vc_column][\/vc_row][\/vc_section][vc_row full_width=\u00a0\u00bbstretch_row\u00a0\u00bb][vc_column offset=\u00a0\u00bbvc_col-lg-6 vc_hidden-lg vc_hidden-md vc_hidden-sm vc_col-xs-12&Prime;][vc_single_image image=\u00a0\u00bb425&Prime; img_size=\u00a0\u00bbfull\u00a0\u00bb image_hovers=\u00a0\u00bbfalse\u00a0\u00bb][\/vc_column][vc_column width=\u00a0\u00bb1\/2&Prime; css=\u00a0\u00bb.vc_custom_1627478453390{padding-top: 40px !important;padding-right: 40px !important;padding-bottom: 40px !important;padding-left: 40px !important;background-color: #e5e0da !important;}\u00a0\u00bb offset=\u00a0\u00bbvc_col-lg-6 vc_hidden-lg vc_col-md-6 vc_hidden-md vc_hidden-sm vc_col-xs-12&Prime;][vc_column_text]<\/p>\n<h2>03.<\/h2>\n<p>[\/vc_column_text][vc_column_text]<\/p>\n<h2>Une grande tente<\/h2>\n<p>[\/vc_column_text][vc_separator color=\u00a0\u00bbcustom\u00a0\u00bb accent_color=\u00a0\u00bbrgba(0,0,0,0.49)\u00a0\u00bb css=\u00a0\u00bb.vc_custom_1627373765177{margin-top: 16px !important;margin-bottom: 16px !important;}\u00a0\u00bb][vc_column_text css=\u00a0\u00bb.vc_custom_1627477422565{margin-top: 80px !important;}\u00a0\u00bb]<strong>La tente de notre ferme en fait partie, et aucun \u00ab&nbsp;extra&nbsp;\u00bb ne sera factur\u00e9<\/strong> pour son utilisation.<\/p>\n<p>L\u2019espace n\u2019est pas un probl\u00e8me, notre ferme de 45 000 m2 dispose d\u2019une tente fixe pour le d\u00e9jeuner ou le d\u00eener, mais nous avons<strong> une autre tente suppl\u00e9mentaire<\/strong> si vous en avez besoin.<\/p>\n<p>Nous avons install\u00e9 de nombreuses tentes et ne travaillons qu\u2019avec les meilleurs pour <strong>\u00e9viter les impr\u00e9vus<\/strong>.<\/p>\n<p>Tous vos invit\u00e9s seront \u00e0 votre mariage![\/vc_column_text][\/vc_column][\/vc_row][vc_section full_width=\u00a0\u00bbstretch_row\u00a0\u00bb content_placement=\u00a0\u00bbmiddle\u00a0\u00bb css=\u00a0\u00bb.vc_custom_1627479053799{margin-top: 40px !important;padding-bottom: 80px !important;background-image: url(https:\/\/fincavinedosdebutron.com\/wp-content\/uploads\/2021\/07\/carpa.jpg?id=425) !important;background-position: center !important;background-repeat: no-repeat !important;background-size: contain !important;}\u00a0\u00bb el_class=\u00a0\u00bbbg-left none-mobile\u00a0\u00bb][vc_row full_width=\u00a0\u00bbstretch_row\u00a0\u00bb][vc_column width=\u00a0\u00bb1\/2&Prime; offset=\u00a0\u00bbvc_col-lg-7 vc_hidden-md vc_hidden-sm vc_hidden-xs\u00a0\u00bb][\/vc_column][vc_column width=\u00a0\u00bb1\/2&Prime; css=\u00a0\u00bb.vc_custom_1627477632703{padding-top: 120px !important;padding-right: 40px !important;padding-bottom: 120px !important;padding-left: 40px !important;background-color: #e7d2d1 !important;}\u00a0\u00bb offset=\u00a0\u00bbvc_col-lg-5 vc_col-md-12 vc_col-xs-12&Prime; el_class=\u00a0\u00bbcol-carpa\u00a0\u00bb][vc_row_inner][vc_column_inner width=\u00a0\u00bb1\/6&Prime;][vc_column_text]<\/p>\n<h2 class=\"numero-rotado\">03.<\/h2>\n<p>[\/vc_column_text][\/vc_column_inner][vc_column_inner width=\u00a0\u00bb5\/6&Prime;][vc_column_text]<\/p>\n<h2>Une grande tente<\/h2>\n<p>[\/vc_column_text][vc_separator color=\u00a0\u00bbcustom\u00a0\u00bb accent_color=\u00a0\u00bbrgba(0,0,0,0.49)\u00a0\u00bb css=\u00a0\u00bb.vc_custom_1627373765177{margin-top: 16px !important;margin-bottom: 16px !important;}\u00a0\u00bb][vc_column_text css=\u00a0\u00bb.vc_custom_1627477422565{margin-top: 80px !important;}\u00a0\u00bb]<strong>La tente de notre ferme en fait partie, et aucun \u00ab&nbsp;extra&nbsp;\u00bb ne sera factur\u00e9<\/strong> pour son utilisation.<\/p>\n<p>L\u2019espace n\u2019est pas un probl\u00e8me, notre ferme de 45 000 m2 dispose d\u2019une tente fixe pour le d\u00e9jeuner ou le d\u00eener, mais nous avons<strong> une autre tente suppl\u00e9mentaire<\/strong> si vous en avez besoin.<\/p>\n<p>Nous avons install\u00e9 de nombreuses tentes et ne travaillons qu\u2019avec les meilleurs pour <strong>\u00e9viter les impr\u00e9vus<\/strong>.<\/p>\n<p>Tous vos invit\u00e9s seront \u00e0 votre mariage![\/vc_column_text][\/vc_column_inner][\/vc_row_inner][\/vc_column][\/vc_row][\/vc_section][vc_row][vc_column width=\u00a0\u00bb1\/2&Prime; css=\u00a0\u00bb.vc_custom_1627479129817{padding-top: 120px !important;padding-bottom: 64px !important;background-color: #e5e0da !important;}\u00a0\u00bb offset=\u00a0\u00bbvc_hidden-xs\u00a0\u00bb][vc_row_inner][vc_column_inner width=\u00a0\u00bb1\/6&Prime;][vc_column_text]<\/p>\n<h2 class=\"numero-rotado\">04.<\/h2>\n<p>[\/vc_column_text][\/vc_column_inner][vc_column_inner width=\u00a0\u00bb5\/6&Prime;][vc_column_text]<\/p>\n<h2>Conseils sur les fournisseurs<\/h2>\n<p>[\/vc_column_text][vc_separator color=\u00a0\u00bbcustom\u00a0\u00bb accent_color=\u00a0\u00bbrgba(0,0,0,0.49)\u00a0\u00bb css=\u00a0\u00bb.vc_custom_1627373765177{margin-top: 16px !important;margin-bottom: 16px !important;}\u00a0\u00bb][vc_column_text css=\u00a0\u00bb.vc_custom_1627564438498{margin-top: 80px !important;}\u00a0\u00bb]Notre \u00e9quipe vous fournira <strong>nos dossiers avec toutes les informations de nos fournisseurs de confiance<\/strong> et avec diff\u00e9rentes mises en sc\u00e8ne <strong>pour faciliter vos pr\u00e9paratifs<\/strong>.<\/p>\n<p>Nous vous mettrons en contact avec les <strong>meilleurs wedding planners<\/strong> du secteur pour rendre votre journ\u00e9e inoubliable.<\/p>\n<p>Nous voulons que vous ayez <strong>votre mariage parfait<\/strong>.[\/vc_column_text][\/vc_column_inner][\/vc_row_inner][\/vc_column][vc_column width=\u00a0\u00bb1\/2&Prime; css=\u00a0\u00bb.vc_custom_1627479136148{padding-top: 120px !important;}\u00a0\u00bb offset=\u00a0\u00bbvc_hidden-xs\u00a0\u00bb][vc_row_inner css=\u00a0\u00bb.vc_custom_1627477823808{margin-top: 48px !important;}\u00a0\u00bb][vc_column_inner width=\u00a0\u00bb1\/6&Prime;][vc_column_text]<\/p>\n<h2 class=\"numero-rotado\">05.<\/h2>\n<p>[\/vc_column_text][\/vc_column_inner][vc_column_inner width=\u00a0\u00bb5\/6&Prime;][vc_column_text]<\/p>\n<h2>Txakol\u00ed personnalis\u00e9<\/h2>\n<p>[\/vc_column_text][vc_separator color=\u00a0\u00bbcustom\u00a0\u00bb accent_color=\u00a0\u00bbrgba(0,0,0,0.49)\u00a0\u00bb css=\u00a0\u00bb.vc_custom_1627373765177{margin-top: 16px !important;margin-bottom: 16px !important;}\u00a0\u00bb][vc_column_text css=\u00a0\u00bb.vc_custom_1627477847732{margin-top: 80px !important;}\u00a0\u00bb]<strong>La personnalisation du txakoli<\/strong> avec votre date, vos noms ou avec ce que vous voulez fonctionnera \u00e9galement de notre part.[\/vc_column_text][\/vc_column_inner][\/vc_row_inner][\/vc_column][\/vc_row][vc_row][vc_column width=\u00a0\u00bb1\/2&Prime; css=\u00a0\u00bb.vc_custom_1627479146653{padding-top: 120px !important;padding-bottom: 64px !important;background-color: #e5e0da !important;}\u00a0\u00bb offset=\u00a0\u00bbvc_hidden-lg vc_hidden-md vc_hidden-sm\u00a0\u00bb][vc_column_text]<\/p>\n<h2>04.<\/h2>\n<p>[\/vc_column_text][vc_column_text]<\/p>\n<h2>Conseils sur les fournisseurs<\/h2>\n<p>[\/vc_column_text][vc_separator color=\u00a0\u00bbcustom\u00a0\u00bb accent_color=\u00a0\u00bbrgba(0,0,0,0.49)\u00a0\u00bb css=\u00a0\u00bb.vc_custom_1627373765177{margin-top: 16px !important;margin-bottom: 16px !important;}\u00a0\u00bb][vc_column_text css=\u00a0\u00bb.vc_custom_1627477800791{margin-top: 80px !important;}\u00a0\u00bb]Notre \u00e9quipe vous fournira <strong>nos dossiers avec toutes les informations de nos fournisseurs de confiance<\/strong> et avec diff\u00e9rentes mises en sc\u00e8ne <strong>pour faciliter vos pr\u00e9paratifs<\/strong>.<\/p>\n<p>Nous voulons que vous ayez <strong>votre mariage parfait<\/strong>.[\/vc_column_text][\/vc_column][vc_column width=\u00a0\u00bb1\/2&Prime; css=\u00a0\u00bb.vc_custom_1627479154255{padding-top: 120px !important;}\u00a0\u00bb offset=\u00a0\u00bbvc_hidden-lg vc_hidden-md vc_hidden-sm\u00a0\u00bb][vc_column_text]<\/p>\n<h2>05.<\/h2>\n<p>[\/vc_column_text][vc_column_text]<\/p>\n<h2>Txakol\u00ed personnalis\u00e9<\/h2>\n<p>[\/vc_column_text][vc_separator color=\u00a0\u00bbcustom\u00a0\u00bb accent_color=\u00a0\u00bbrgba(0,0,0,0.49)\u00a0\u00bb css=\u00a0\u00bb.vc_custom_1627373765177{margin-top: 16px !important;margin-bottom: 16px !important;}\u00a0\u00bb][vc_column_text css=\u00a0\u00bb.vc_custom_1627477847732{margin-top: 80px !important;}\u00a0\u00bb]<strong>La personnalisation du txakoli<\/strong> avec votre date, vos noms ou avec ce que vous voulez fonctionnera \u00e9galement de notre part.[\/vc_column_text][\/vc_column][\/vc_row][vc_row css=\u00a0\u00bb.vc_custom_1624616621327{margin-top: 64px !important;}\u00a0\u00bb el_class=\u00a0\u00bbrow-proveedores\u00a0\u00bb][vc_column css=\u00a0\u00bb.vc_custom_1627374042138{padding-top: 64px !important;padding-bottom: 64px !important;background-color: #dad9d4 !important;}\u00a0\u00bb][vc_column_text]<\/p>\n<h2>Nous vous aidons<br \/>\norganiser votre mariage<\/h2>\n<p>[\/vc_column_text][\/vc_column][\/vc_row][vc_row full_width=\u00a0\u00bbstretch_row_content_no_spaces\u00a0\u00bb equal_height=\u00a0\u00bbyes\u00a0\u00bb el_class=\u00a0\u00bbcarrusel-proveedores\u00a0\u00bb css=\u00a0\u00bb.vc_custom_1627383321685{margin-top: 32px !important;}\u00a0\u00bb][vc_column offset=\u00a0\u00bbvc_hidden-lg vc_hidden-md vc_hidden-sm\u00a0\u00bb][\/vc_column][\/vc_row][vc_row full_width=\u00a0\u00bbstretch_row_content_no_spaces\u00a0\u00bb equal_height=\u00a0\u00bbyes\u00a0\u00bb css=\u00a0\u00bb.vc_custom_1624616342058{margin-top: -120px !important;}\u00a0\u00bb el_class=\u00a0\u00bbcarrusel-proveedores\u00a0\u00bb][vc_column offset=\u00a0\u00bbvc_hidden-xs\u00a0\u00bb][\/vc_column][\/vc_row][vc_section full_width=\u00a0\u00bbstretch_row\u00a0\u00bb content_placement=\u00a0\u00bbmiddle\u00a0\u00bb css=\u00a0\u00bb.vc_custom_1627398384571{margin-top: 64px !important;background-image: url(https:\/\/fincavinedosdebutron.com\/wp-content\/uploads\/2021\/07\/finca-vinedos-contacto.jpg?id=298) !important;background-position: center !important;background-repeat: no-repeat !important;background-size: contain !important;}\u00a0\u00bb el_class=\u00a0\u00bbsection-contacto\u00a0\u00bb][vc_row css=\u00a0\u00bb.vc_custom_1627385210711{margin-top: 64px !important;}\u00a0\u00bb][vc_column offset=\u00a0\u00bbvc_hidden-lg vc_hidden-md vc_col-xs-12&Prime; css=\u00a0\u00bb.vc_custom_1627385280683{margin-top: 64px !important;padding-top: 250px !important;padding-bottom: 250px !important;background-image: url(https:\/\/fincavinedosdebutron.com\/wp-content\/uploads\/2021\/07\/finca-vinedos-contacto.jpg?id=298) !important;background-position: center !important;background-repeat: no-repeat !important;background-size: cover !important;}\u00a0\u00bb][\/vc_column][vc_column css=\u00a0\u00bb.vc_custom_1627385326809{padding-top: 48px !important;padding-right: 32px !important;padding-bottom: 48px !important;padding-left: 32px !important;background-color: #e5e0da !important;}\u00a0\u00bb el_class=\u00a0\u00bbcontacto-home\u00a0\u00bb offset=\u00a0\u00bbvc_hidden-lg vc_hidden-md vc_col-xs-12&Prime;][vc_column_text]<\/p>\n<h2>Contact<br \/>\nl\u2019\u00e9quipe<\/h2>\n<p>[\/vc_column_text][vc_column_text css=\u00a0\u00bb.vc_custom_1624621893626{margin-top: 80px !important;}\u00a0\u00bb]Notre \u00e9quipe est experte dans tous les types d\u2019\u00e9v\u00e9nements et elle vous conseille tout au long du processus afin que votre mariage se passe parfaitement et que vous obteniez l\u2019effet WOW sur les invit\u00e9s.[\/vc_column_text][vc_column_text css=\u00a0\u00bb.vc_custom_1627374850213{margin-top: 64px !important;margin-bottom: 64px !important;}\u00a0\u00bb]<a class=\"link\" href=\"#\">Qui sommes-nous<\/a>[\/vc_column_text]\n<div class=\"wpcf7 no-js\" id=\"wpcf7-f108-o1\" lang=\"es-ES\" dir=\"ltr\" data-wpcf7-id=\"108\">\n<div class=\"screen-reader-response\"><p role=\"status\" aria-live=\"polite\" aria-atomic=\"true\"><\/p> <ul><\/ul><\/div>\n<form action=\"\/fr\/wp-json\/wp\/v2\/pages\/718#wpcf7-f108-o1\" method=\"post\" class=\"wpcf7-form init\" aria-label=\"Formulario de contacto\" novalidate=\"novalidate\" data-status=\"init\">\n<fieldset class=\"hidden-fields-container\"><input type=\"hidden\" name=\"_wpcf7\" value=\"108\" \/><input type=\"hidden\" name=\"_wpcf7_version\" value=\"6.1.5\" \/><input type=\"hidden\" name=\"_wpcf7_locale\" value=\"es_ES\" \/><input type=\"hidden\" name=\"_wpcf7_unit_tag\" value=\"wpcf7-f108-o1\" \/><input type=\"hidden\" name=\"_wpcf7_container_post\" value=\"0\" \/><input type=\"hidden\" name=\"_wpcf7_posted_data_hash\" value=\"\" \/><input type=\"hidden\" name=\"_wpcf7_recaptcha_response\" value=\"\" \/>\n<\/fieldset>\n<div class=\"vc_row\">\n\t<div class=\"vc_col-md-12\">\n\t\t<p><span class=\"wpcf7-form-control-wrap\" data-name=\"nombre\"><input size=\"40\" maxlength=\"400\" class=\"wpcf7-form-control wpcf7-text wpcf7-validates-as-required\" aria-required=\"true\" aria-invalid=\"false\" placeholder=\"\u00bfC\u00f3mo os llam\u00e1is? *\" value=\"\" type=\"text\" name=\"nombre\" \/><\/span>\n\t\t<\/p>\n\t<\/div>\n\t<div class=\"vc_col-md-6\">\n\t\t<p><span class=\"wpcf7-form-control-wrap\" data-name=\"fecha\"><input size=\"40\" maxlength=\"400\" class=\"wpcf7-form-control wpcf7-text wpcf7-validates-as-required\" aria-required=\"true\" aria-invalid=\"false\" placeholder=\"Fecha del evento *\" value=\"\" type=\"text\" name=\"fecha\" \/><\/span>\n\t\t<\/p>\n\t<\/div>\n\t<div class=\"vc_col-md-6\">\n\t\t<p><span class=\"wpcf7-form-control-wrap\" data-name=\"invitados\"><input size=\"40\" maxlength=\"400\" class=\"wpcf7-form-control wpcf7-text wpcf7-validates-as-required\" aria-required=\"true\" aria-invalid=\"false\" placeholder=\"N\u00ba aprox de invitados *\" value=\"\" type=\"text\" name=\"invitados\" \/><\/span>\n\t\t<\/p>\n\t<\/div>\n\t<div class=\"vc_col-md-6\">\n\t\t<p><span class=\"wpcf7-form-control-wrap\" data-name=\"telefono\"><input size=\"40\" maxlength=\"400\" class=\"wpcf7-form-control wpcf7-tel wpcf7-validates-as-required wpcf7-text wpcf7-validates-as-tel\" aria-required=\"true\" aria-invalid=\"false\" placeholder=\"Tel\u00e9fono *\" value=\"\" type=\"tel\" name=\"telefono\" \/><\/span>\n\t\t<\/p>\n\t<\/div>\n\t<div class=\"vc_col-md-6\">\n\t\t<p><span class=\"wpcf7-form-control-wrap\" data-name=\"email\"><input size=\"40\" maxlength=\"400\" class=\"wpcf7-form-control wpcf7-email wpcf7-validates-as-required wpcf7-text wpcf7-validates-as-email\" aria-required=\"true\" aria-invalid=\"false\" placeholder=\"E-mail *\" value=\"\" type=\"email\" name=\"email\" \/><\/span>\n\t\t<\/p>\n\t<\/div>\n\t<div class=\"vc_col-md-12\">\n\t\t<p><span class=\"wpcf7-form-control-wrap\" data-name=\"mensaje\"><textarea cols=\"40\" rows=\"4\" maxlength=\"2000\" class=\"wpcf7-form-control wpcf7-textarea\" aria-invalid=\"false\" placeholder=\"\u00bfQuer\u00e9is contarnos m\u00e1s?\" name=\"mensaje\"><\/textarea><\/span>\n\t\t<\/p>\n\t<\/div>\n<\/div>\n<div class=\"vc_row\">\n\t<div class=\"vc_col-md-12\">\n\t\t<p><span class=\"wpcf7-form-control-wrap\" data-name=\"acceptance-200\"><span class=\"wpcf7-form-control wpcf7-acceptance\"><span class=\"wpcf7-list-item\"><input type=\"checkbox\" name=\"acceptance-200\" value=\"1\" aria-invalid=\"false\" \/><\/span><\/span><\/span> Acepto la pol\u00edtica de privacidad\n\t\t<\/p>\n\t\t<p style=\"font-size: 12px; line-height:1.2rem; color:#666;\"><br \/>\nLos campos marcados con (*) son obligatorios.<br \/>\n1. Administrador de datos: Finca Vi\u00f1edos de Butr\u00f3n<br \/>\n2. Prop\u00f3sito de datos: Relaci\u00f3n comercial e informaci\u00f3n sobre nuestros productos y servicios.<br \/>\n3. Almacenamiento de datos: Base de datos alojada en Cloudflare<br \/>\n4. Derechos: En cualquier momento puede <a href=\"\/politica-de-privacidad-politica-de-cookies-y-aviso-legal\/\" target=\"_blank\">limitar, recuperar, y eliminar su informaci\u00f3n.<\/a>\n\t\t<\/p>\n\t\t<p><input class=\"wpcf7-form-control wpcf7-submit has-spinner\" type=\"submit\" value=\"Enviar\" \/>\n\t\t<\/p>\n\t<\/div>\n<\/div><div class=\"wpcf7-response-output\" aria-hidden=\"true\"><\/div>\n<\/form>\n<\/div>\n[\/vc_column][\/vc_row][vc_row][vc_column css=\u00a0\u00bb.vc_custom_1627388434218{padding-top: 48px !important;padding-right: 32px !important;padding-bottom: 48px !important;padding-left: 80px !important;background-color: #e5e0da !important;}\u00a0\u00bb el_class=\u00a0\u00bbcontacto-home\u00a0\u00bb offset=\u00a0\u00bbvc_col-lg-7 vc_col-md-6 vc_hidden-sm vc_hidden-xs\u00a0\u00bb][vc_column_text]<\/p>\n<h2>Contact<br \/>\nl\u2019\u00e9quipe<\/h2>\n<p>[\/vc_column_text][vc_column_text css=\u00a0\u00bb.vc_custom_1624621893626{margin-top: 80px !important;}\u00a0\u00bb]Notre \u00e9quipe est experte dans tous les types d\u2019\u00e9v\u00e9nements et elle vous conseille tout au long du processus afin que votre mariage se passe parfaitement et que vous obteniez l\u2019effet WOW sur les invit\u00e9s.[\/vc_column_text][vc_column_text css=\u00a0\u00bb.vc_custom_1627374850213{margin-top: 64px !important;margin-bottom: 64px !important;}\u00a0\u00bb]<a class=\"link\" href=\"#\">Qui sommes-nous<\/a>[\/vc_column_text]\n<div class=\"wpcf7 no-js\" id=\"wpcf7-f108-o2\" lang=\"es-ES\" dir=\"ltr\" data-wpcf7-id=\"108\">\n<div class=\"screen-reader-response\"><p role=\"status\" aria-live=\"polite\" aria-atomic=\"true\"><\/p> <ul><\/ul><\/div>\n<form action=\"\/fr\/wp-json\/wp\/v2\/pages\/718#wpcf7-f108-o2\" method=\"post\" class=\"wpcf7-form init\" aria-label=\"Formulario de contacto\" novalidate=\"novalidate\" data-status=\"init\">\n<fieldset class=\"hidden-fields-container\"><input type=\"hidden\" name=\"_wpcf7\" value=\"108\" \/><input type=\"hidden\" name=\"_wpcf7_version\" value=\"6.1.5\" \/><input type=\"hidden\" name=\"_wpcf7_locale\" value=\"es_ES\" \/><input type=\"hidden\" name=\"_wpcf7_unit_tag\" value=\"wpcf7-f108-o2\" \/><input type=\"hidden\" name=\"_wpcf7_container_post\" value=\"0\" \/><input type=\"hidden\" name=\"_wpcf7_posted_data_hash\" value=\"\" \/><input type=\"hidden\" name=\"_wpcf7_recaptcha_response\" value=\"\" \/>\n<\/fieldset>\n<div class=\"vc_row\">\n\t<div class=\"vc_col-md-12\">\n\t\t<p><span class=\"wpcf7-form-control-wrap\" data-name=\"nombre\"><input size=\"40\" maxlength=\"400\" class=\"wpcf7-form-control wpcf7-text wpcf7-validates-as-required\" aria-required=\"true\" aria-invalid=\"false\" placeholder=\"\u00bfC\u00f3mo os llam\u00e1is? *\" value=\"\" type=\"text\" name=\"nombre\" \/><\/span>\n\t\t<\/p>\n\t<\/div>\n\t<div class=\"vc_col-md-6\">\n\t\t<p><span class=\"wpcf7-form-control-wrap\" data-name=\"fecha\"><input size=\"40\" maxlength=\"400\" class=\"wpcf7-form-control wpcf7-text wpcf7-validates-as-required\" aria-required=\"true\" aria-invalid=\"false\" placeholder=\"Fecha del evento *\" value=\"\" type=\"text\" name=\"fecha\" \/><\/span>\n\t\t<\/p>\n\t<\/div>\n\t<div class=\"vc_col-md-6\">\n\t\t<p><span class=\"wpcf7-form-control-wrap\" data-name=\"invitados\"><input size=\"40\" maxlength=\"400\" class=\"wpcf7-form-control wpcf7-text wpcf7-validates-as-required\" aria-required=\"true\" aria-invalid=\"false\" placeholder=\"N\u00ba aprox de invitados *\" value=\"\" type=\"text\" name=\"invitados\" \/><\/span>\n\t\t<\/p>\n\t<\/div>\n\t<div class=\"vc_col-md-6\">\n\t\t<p><span class=\"wpcf7-form-control-wrap\" data-name=\"telefono\"><input size=\"40\" maxlength=\"400\" class=\"wpcf7-form-control wpcf7-tel wpcf7-validates-as-required wpcf7-text wpcf7-validates-as-tel\" aria-required=\"true\" aria-invalid=\"false\" placeholder=\"Tel\u00e9fono *\" value=\"\" type=\"tel\" name=\"telefono\" \/><\/span>\n\t\t<\/p>\n\t<\/div>\n\t<div class=\"vc_col-md-6\">\n\t\t<p><span class=\"wpcf7-form-control-wrap\" data-name=\"email\"><input size=\"40\" maxlength=\"400\" class=\"wpcf7-form-control wpcf7-email wpcf7-validates-as-required wpcf7-text wpcf7-validates-as-email\" aria-required=\"true\" aria-invalid=\"false\" placeholder=\"E-mail *\" value=\"\" type=\"email\" name=\"email\" \/><\/span>\n\t\t<\/p>\n\t<\/div>\n\t<div class=\"vc_col-md-12\">\n\t\t<p><span class=\"wpcf7-form-control-wrap\" data-name=\"mensaje\"><textarea cols=\"40\" rows=\"4\" maxlength=\"2000\" class=\"wpcf7-form-control wpcf7-textarea\" aria-invalid=\"false\" placeholder=\"\u00bfQuer\u00e9is contarnos m\u00e1s?\" name=\"mensaje\"><\/textarea><\/span>\n\t\t<\/p>\n\t<\/div>\n<\/div>\n<div class=\"vc_row\">\n\t<div class=\"vc_col-md-12\">\n\t\t<p><span class=\"wpcf7-form-control-wrap\" data-name=\"acceptance-200\"><span class=\"wpcf7-form-control wpcf7-acceptance\"><span class=\"wpcf7-list-item\"><input type=\"checkbox\" name=\"acceptance-200\" value=\"1\" aria-invalid=\"false\" \/><\/span><\/span><\/span> Acepto la pol\u00edtica de privacidad\n\t\t<\/p>\n\t\t<p style=\"font-size: 12px; line-height:1.2rem; color:#666;\"><br \/>\nLos campos marcados con (*) son obligatorios.<br \/>\n1. Administrador de datos: Finca Vi\u00f1edos de Butr\u00f3n<br \/>\n2. Prop\u00f3sito de datos: Relaci\u00f3n comercial e informaci\u00f3n sobre nuestros productos y servicios.<br \/>\n3. Almacenamiento de datos: Base de datos alojada en Cloudflare<br \/>\n4. Derechos: En cualquier momento puede <a href=\"\/politica-de-privacidad-politica-de-cookies-y-aviso-legal\/\" target=\"_blank\">limitar, recuperar, y eliminar su informaci\u00f3n.<\/a>\n\t\t<\/p>\n\t\t<p><input class=\"wpcf7-form-control wpcf7-submit has-spinner\" type=\"submit\" value=\"Enviar\" \/>\n\t\t<\/p>\n\t<\/div>\n<\/div><div class=\"wpcf7-response-output\" aria-hidden=\"true\"><\/div>\n<\/form>\n<\/div>\n[\/vc_column][vc_column css=\u00a0\u00bb.vc_custom_1627477959457{margin-top: 120px !important;padding-top: 48px !important;padding-right: 48px !important;padding-bottom: 48px !important;padding-left: 48px !important;}\u00a0\u00bb offset=\u00a0\u00bbvc_col-lg-4 vc_col-md-6 vc_hidden-sm vc_col-xs-12 vc_hidden-xs\u00a0\u00bb][\/vc_column][vc_column width=\u00a0\u00bb1\/12&Prime;][\/vc_column][\/vc_row][\/vc_section]<\/p>\n<\/div>","protected":false},"excerpt":{"rendered":"<p>[vc_row full_width=\u00a0\u00bbstretch_row\u00a0\u00bb full_height=\u00a0\u00bbyes\u00a0\u00bb content_placement=\u00a0\u00bbmiddle\u00a0\u00bb css=\u00a0\u00bb.vc_custom_1627474602672{margin-top: -50px !important;padding-top: 48px !important;padding-bottom: 48px !important;background-image: url(https:\/\/fincavinedosdebutron.com\/wp-content\/uploads\/2021\/07\/bodas-eventos-bg.jpg?id=374) !important;background-position: center !important;background-repeat: no-repeat !important;background-size: cover !important;}\u00a0\u00bb][vc_column width=\u00a0\u00bb5\/12&Prime;][\/vc_column][vc_column width=\u00a0\u00bb7\/12&Prime; css=\u00a0\u00bb.vc_custom_1627470324531{border-right-width: 1px !important;padding-right: 32px !important;border-right-color: #ffffff !important;border-right-style: solid !important;}\u00a0\u00bb][vc_column_text] Mariages et \u00e9v\u00e9nements [\/vc_column_text][vc_column_text css=\u00a0\u00bb.vc_custom_1627474658980{margin-top: 48px !important;}\u00a0\u00bb] Nous aimons les mariages et les \u00e9v\u00e9nements, c\u2019est pourquoi nous avons des accords avec les meilleurs fournisseurs du&hellip;<\/p>\n","protected":false},"author":1,"featured_media":0,"parent":0,"menu_order":0,"comment_status":"closed","ping_status":"open","template":"","meta":{"_acf_changed":false,"footnotes":""},"class_list":["post-718","page","type-page","status-publish","hentry","description-off"],"acf":[],"yoast_head":"<!-- This site is optimized with the Yoast SEO plugin v27.4 - https:\/\/yoast.com\/product\/yoast-seo-wordpress\/ -->\n<title>Mariages et \u00e9v\u00e9nements - Finca Vi\u00f1edos de Butr\u00f3n<\/title>\n<meta name=\"robots\" content=\"index, follow, max-snippet:-1, max-image-preview:large, max-video-preview:-1\" \/>\n<link rel=\"canonical\" href=\"http:\/\/fincavinedosdebutron.com\/fr\/mariages-et-evenements\/\" \/>\n<meta property=\"og:locale\" content=\"fr_FR\" \/>\n<meta property=\"og:type\" content=\"article\" \/>\n<meta property=\"og:title\" content=\"Mariages et \u00e9v\u00e9nements - Finca Vi\u00f1edos de Butr\u00f3n\" \/>\n<meta property=\"og:description\" content=\"[vc_row full_width=\u00a0\u00bbstretch_row\u00a0\u00bb full_height=\u00a0\u00bbyes\u00a0\u00bb content_placement=\u00a0\u00bbmiddle\u00a0\u00bb css=\u00a0\u00bb.vc_custom_1627474602672{margin-top: -50px !important;padding-top: 48px !important;padding-bottom: 48px !important;background-image: url(https:\/\/fincavinedosdebutron.com\/wp-content\/uploads\/2021\/07\/bodas-eventos-bg.jpg?id=374) !important;background-position: center !important;background-repeat: no-repeat !important;background-size: cover !important;}\u00a0\u00bb][vc_column width=\u00a0\u00bb5\/12&Prime;][\/vc_column][vc_column width=\u00a0\u00bb7\/12&Prime; css=\u00a0\u00bb.vc_custom_1627470324531{border-right-width: 1px !important;padding-right: 32px !important;border-right-color: #ffffff !important;border-right-style: solid !important;}\u00a0\u00bb][vc_column_text] Mariages et \u00e9v\u00e9nements [\/vc_column_text][vc_column_text css=\u00a0\u00bb.vc_custom_1627474658980{margin-top: 48px !important;}\u00a0\u00bb] Nous aimons les mariages et les \u00e9v\u00e9nements, c\u2019est pourquoi nous avons des accords avec les meilleurs fournisseurs du&hellip;\" \/>\n<meta property=\"og:url\" content=\"http:\/\/fincavinedosdebutron.com\/fr\/mariages-et-evenements\/\" \/>\n<meta property=\"og:site_name\" content=\"Finca Vi\u00f1edos de Butr\u00f3n\" \/>\n<meta property=\"article:modified_time\" content=\"2022-08-17T08:32:45+00:00\" \/>\n<meta name=\"twitter:card\" content=\"summary_large_image\" \/>\n<meta name=\"twitter:label1\" content=\"Dur\u00e9e de lecture estim\u00e9e\" \/>\n\t<meta name=\"twitter:data1\" content=\"12 minutes\" \/>\n<script type=\"application\/ld+json\" class=\"yoast-schema-graph\">{\"@context\":\"https:\\\/\\\/schema.org\",\"@graph\":[{\"@type\":\"WebPage\",\"@id\":\"http:\\\/\\\/fincavinedosdebutron.com\\\/fr\\\/mariages-et-evenements\\\/\",\"url\":\"http:\\\/\\\/fincavinedosdebutron.com\\\/fr\\\/mariages-et-evenements\\\/\",\"name\":\"Mariages et \u00e9v\u00e9nements - Finca Vi\u00f1edos de Butr\u00f3n\",\"isPartOf\":{\"@id\":\"https:\\\/\\\/fincavinedosdebutron.com\\\/de\\\/#website\"},\"datePublished\":\"2021-07-28T13:33:13+00:00\",\"dateModified\":\"2022-08-17T08:32:45+00:00\",\"breadcrumb\":{\"@id\":\"http:\\\/\\\/fincavinedosdebutron.com\\\/fr\\\/mariages-et-evenements\\\/#breadcrumb\"},\"inLanguage\":\"fr-FR\",\"potentialAction\":[{\"@type\":\"ReadAction\",\"target\":[\"http:\\\/\\\/fincavinedosdebutron.com\\\/fr\\\/mariages-et-evenements\\\/\"]}]},{\"@type\":\"BreadcrumbList\",\"@id\":\"http:\\\/\\\/fincavinedosdebutron.com\\\/fr\\\/mariages-et-evenements\\\/#breadcrumb\",\"itemListElement\":[{\"@type\":\"ListItem\",\"position\":1,\"name\":\"Portada\",\"item\":\"http:\\\/\\\/fincavinedosdebutron.com\\\/fr\\\/\"},{\"@type\":\"ListItem\",\"position\":2,\"name\":\"Mariages et \u00e9v\u00e9nements\"}]},{\"@type\":\"WebSite\",\"@id\":\"https:\\\/\\\/fincavinedosdebutron.com\\\/de\\\/#website\",\"url\":\"https:\\\/\\\/fincavinedosdebutron.com\\\/de\\\/\",\"name\":\"Finca Vi\u00f1edos de Butr\u00f3n\",\"description\":\"Otro sitio realizado con WordPress\",\"potentialAction\":[{\"@type\":\"SearchAction\",\"target\":{\"@type\":\"EntryPoint\",\"urlTemplate\":\"https:\\\/\\\/fincavinedosdebutron.com\\\/de\\\/?s={search_term_string}\"},\"query-input\":{\"@type\":\"PropertyValueSpecification\",\"valueRequired\":true,\"valueName\":\"search_term_string\"}}],\"inLanguage\":\"fr-FR\"}]}<\/script>\n<!-- \/ Yoast SEO plugin. -->","yoast_head_json":{"title":"Mariages et \u00e9v\u00e9nements - Finca Vi\u00f1edos de Butr\u00f3n","robots":{"index":"index","follow":"follow","max-snippet":"max-snippet:-1","max-image-preview":"max-image-preview:large","max-video-preview":"max-video-preview:-1"},"canonical":"http:\/\/fincavinedosdebutron.com\/fr\/mariages-et-evenements\/","og_locale":"fr_FR","og_type":"article","og_title":"Mariages et \u00e9v\u00e9nements - Finca Vi\u00f1edos de Butr\u00f3n","og_description":"[vc_row full_width=\u00a0\u00bbstretch_row\u00a0\u00bb full_height=\u00a0\u00bbyes\u00a0\u00bb content_placement=\u00a0\u00bbmiddle\u00a0\u00bb css=\u00a0\u00bb.vc_custom_1627474602672{margin-top: -50px !important;padding-top: 48px !important;padding-bottom: 48px !important;background-image: url(https:\/\/fincavinedosdebutron.com\/wp-content\/uploads\/2021\/07\/bodas-eventos-bg.jpg?id=374) !important;background-position: center !important;background-repeat: no-repeat !important;background-size: cover !important;}\u00a0\u00bb][vc_column width=\u00a0\u00bb5\/12&Prime;][\/vc_column][vc_column width=\u00a0\u00bb7\/12&Prime; css=\u00a0\u00bb.vc_custom_1627470324531{border-right-width: 1px !important;padding-right: 32px !important;border-right-color: #ffffff !important;border-right-style: solid !important;}\u00a0\u00bb][vc_column_text] Mariages et \u00e9v\u00e9nements [\/vc_column_text][vc_column_text css=\u00a0\u00bb.vc_custom_1627474658980{margin-top: 48px !important;}\u00a0\u00bb] Nous aimons les mariages et les \u00e9v\u00e9nements, c\u2019est pourquoi nous avons des accords avec les meilleurs fournisseurs du&hellip;","og_url":"http:\/\/fincavinedosdebutron.com\/fr\/mariages-et-evenements\/","og_site_name":"Finca Vi\u00f1edos de Butr\u00f3n","article_modified_time":"2022-08-17T08:32:45+00:00","twitter_card":"summary_large_image","twitter_misc":{"Dur\u00e9e de lecture estim\u00e9e":"12 minutes"},"schema":{"@context":"https:\/\/schema.org","@graph":[{"@type":"WebPage","@id":"http:\/\/fincavinedosdebutron.com\/fr\/mariages-et-evenements\/","url":"http:\/\/fincavinedosdebutron.com\/fr\/mariages-et-evenements\/","name":"Mariages et \u00e9v\u00e9nements - Finca Vi\u00f1edos de Butr\u00f3n","isPartOf":{"@id":"https:\/\/fincavinedosdebutron.com\/de\/#website"},"datePublished":"2021-07-28T13:33:13+00:00","dateModified":"2022-08-17T08:32:45+00:00","breadcrumb":{"@id":"http:\/\/fincavinedosdebutron.com\/fr\/mariages-et-evenements\/#breadcrumb"},"inLanguage":"fr-FR","potentialAction":[{"@type":"ReadAction","target":["http:\/\/fincavinedosdebutron.com\/fr\/mariages-et-evenements\/"]}]},{"@type":"BreadcrumbList","@id":"http:\/\/fincavinedosdebutron.com\/fr\/mariages-et-evenements\/#breadcrumb","itemListElement":[{"@type":"ListItem","position":1,"name":"Portada","item":"http:\/\/fincavinedosdebutron.com\/fr\/"},{"@type":"ListItem","position":2,"name":"Mariages et \u00e9v\u00e9nements"}]},{"@type":"WebSite","@id":"https:\/\/fincavinedosdebutron.com\/de\/#website","url":"https:\/\/fincavinedosdebutron.com\/de\/","name":"Finca Vi\u00f1edos de Butr\u00f3n","description":"Otro sitio realizado con WordPress","potentialAction":[{"@type":"SearchAction","target":{"@type":"EntryPoint","urlTemplate":"https:\/\/fincavinedosdebutron.com\/de\/?s={search_term_string}"},"query-input":{"@type":"PropertyValueSpecification","valueRequired":true,"valueName":"search_term_string"}}],"inLanguage":"fr-FR"}]}},"_links":{"self":[{"href":"https:\/\/fincavinedosdebutron.com\/fr\/wp-json\/wp\/v2\/pages\/718","targetHints":{"allow":["GET"]}}],"collection":[{"href":"https:\/\/fincavinedosdebutron.com\/fr\/wp-json\/wp\/v2\/pages"}],"about":[{"href":"https:\/\/fincavinedosdebutron.com\/fr\/wp-json\/wp\/v2\/types\/page"}],"author":[{"embeddable":true,"href":"https:\/\/fincavinedosdebutron.com\/fr\/wp-json\/wp\/v2\/users\/1"}],"replies":[{"embeddable":true,"href":"https:\/\/fincavinedosdebutron.com\/fr\/wp-json\/wp\/v2\/comments?post=718"}],"version-history":[{"count":2,"href":"https:\/\/fincavinedosdebutron.com\/fr\/wp-json\/wp\/v2\/pages\/718\/revisions"}],"predecessor-version":[{"id":723,"href":"https:\/\/fincavinedosdebutron.com\/fr\/wp-json\/wp\/v2\/pages\/718\/revisions\/723"}],"wp:attachment":[{"href":"https:\/\/fincavinedosdebutron.com\/fr\/wp-json\/wp\/v2\/media?parent=718"}],"curies":[{"name":"wp","href":"https:\/\/api.w.org\/{rel}","templated":true}]}}