{"id":719,"date":"2021-07-28T13:45:33","date_gmt":"2021-07-28T11:45:33","guid":{"rendered":"https:\/\/fincavinedosdebutron.com\/la-finca\/"},"modified":"2022-08-17T10:32:45","modified_gmt":"2022-08-17T08:32:45","slug":"la-finca","status":"publish","type":"page","link":"https:\/\/fincavinedosdebutron.com\/fr\/la-finca\/","title":{"rendered":"La Finca"},"content":{"rendered":"<div class=\"wpb-content-wrapper\"><p>[vc_row full_width=\u00a0\u00bbstretch_row\u00a0\u00bb full_height=\u00a0\u00bbyes\u00a0\u00bb content_placement=\u00a0\u00bbmiddle\u00a0\u00bb css=\u00a0\u00bb.vc_custom_1627470096303{margin-top: -50px !important;padding-top: 48px !important;padding-bottom: 48px !important;background-image: url(https:\/\/fincavinedosdebutron.com\/wp-content\/uploads\/2021\/07\/la-finca-bg.jpg?id=376) !important;background-position: center !important;background-repeat: no-repeat !important;background-size: cover !important;}\u00a0\u00bb][vc_column width=\u00a0\u00bb5\/12&Prime;][\/vc_column][vc_column width=\u00a0\u00bb7\/12&Prime; css=\u00a0\u00bb.vc_custom_1627470324531{border-right-width: 1px !important;padding-right: 32px !important;border-right-color: #ffffff !important;border-right-style: solid !important;}\u00a0\u00bb][vc_column_text]<\/p>\n<h1 class=\"blanco uppercase texto-dcha\">Quelle est la particularit\u00e9 de notre ferme?<\/h1>\n<p>[\/vc_column_text][vc_column_text css=\u00a0\u00bb.vc_custom_1627470276460{margin-top: 48px !important;}\u00a0\u00bb]<\/p>\n<p class=\"blanco texto-dcha h6-size\">Finca Vi\u00f1edos Butr\u00f3n est situ\u00e9 dans une enclave idyllique, entour\u00e9 d\u2019arbres fruitiers, de for\u00eats, de vignobles, d\u2019un ruisseau et de la vue magnifique sur l\u2019embl\u00e9matique ch\u00e2teau de Butr\u00f3n.<\/p>\n<p class=\"blanco texto-dcha h6-size\">Nous avons mille espaces diff\u00e9rents pour les \u00e9v\u00e9nements en plein air!<\/p>\n<p class=\"blanco texto-dcha h6-size\">Nous sommes pr\u00eats \u00e0 ce que votre \u00e9v\u00e9nement soit parfait, qu\u2019il pleuve ou qu\u2019il fasse beau. De plus, nous sommes \u00e0 15 minutes de Getxo et \u00e0 20 minutes de Bilbao.<\/p>\n<p>[\/vc_column_text][\/vc_column][\/vc_row][vc_section el_class=\u00a0\u00bbsection-lafinca\u00a0\u00bb][vc_row gap=\u00a0\u00bb25&Prime; equal_height=\u00a0\u00bbyes\u00a0\u00bb content_placement=\u00a0\u00bbmiddle\u00a0\u00bb][vc_column width=\u00a0\u00bb5\/12&Prime; el_class=\u00a0\u00bborder2&Prime;][vc_column_text]<\/p>\n<h2>Amplement d\u2019espace<\/h2>\n<p>[\/vc_column_text][vc_separator color=\u00a0\u00bbblack\u00a0\u00bb align=\u00a0\u00bbalign_left\u00a0\u00bb css=\u00a0\u00bb.vc_custom_1627471312390{margin-top: 16px !important;}\u00a0\u00bb][vc_column_text css=\u00a0\u00bb.vc_custom_1631198988613{margin-top: 48px !important;}\u00a0\u00bb]<\/p>\n<ul class=\"lista-simple\">\n<li>Nous avons une <strong>grande tente<\/strong> pour accueillir toutes sortes de mariages<\/li>\n<li>Nous avons des <strong>salles de bains parfaitement \u00e9quip\u00e9es<\/strong> avec tous les d\u00e9tails. De plus, ils pensent \u00e0 tout type d\u2019\u00e9v\u00e9nement. Les miroirs et les vanit\u00e9s ne manqueront pas !<\/li>\n<li><strong>Parking<\/strong> et large acc\u00e8s.<\/li>\n<li><strong>Nous respectons toutes les r\u00e9glementations en vigueur<\/strong> : plan de s\u00e9curit\u00e9 et d\u2019autoprotection, personnel qualifi\u00e9 et form\u00e9, \u00e9tude d\u2019impact acoustique,&#8230;<\/li>\n<\/ul>\n<p>[\/vc_column_text][\/vc_column][vc_column width=\u00a0\u00bb7\/12&Prime; el_class=\u00a0\u00bborder1&Prime;][vc_single_image image=\u00a0\u00bb382&Prime; img_size=\u00a0\u00bbfull\u00a0\u00bb alignment=\u00a0\u00bbright\u00a0\u00bb image_hovers=\u00a0\u00bbfalse\u00a0\u00bb][\/vc_column][\/vc_row][vc_row gap=\u00a0\u00bb25&Prime; equal_height=\u00a0\u00bbyes\u00a0\u00bb content_placement=\u00a0\u00bbmiddle\u00a0\u00bb][vc_column width=\u00a0\u00bb7\/12&Prime;][vc_single_image image=\u00a0\u00bb381&Prime; img_size=\u00a0\u00bbfull\u00a0\u00bb image_hovers=\u00a0\u00bbfalse\u00a0\u00bb][\/vc_column][vc_column width=\u00a0\u00bb5\/12&Prime;][vc_column_text]<\/p>\n<h2>H\u00e9bergement pour les mari\u00e9s et leurs invit\u00e9s<\/h2>\n<p>[\/vc_column_text][vc_separator color=\u00a0\u00bbblack\u00a0\u00bb align=\u00a0\u00bbalign_left\u00a0\u00bb css=\u00a0\u00bb.vc_custom_1627471312390{margin-top: 16px !important;}\u00a0\u00bb][vc_column_text css=\u00a0\u00bb.vc_custom_1627564219654{margin-top: 48px !important;}\u00a0\u00bb]<\/p>\n<ul class=\"lista-simple\">\n<li>Nous vous donnons la <strong>chambre de la mari\u00e9e et la<\/strong> suite des mari\u00e9s!<\/li>\n<li>De plus,<strong> nous invitons le couple \u00e0 prendre le petit d\u00e9jeuner le<\/strong> lendemain du grand \u00e9v\u00e9nement *<\/li>\n<li><strong>H\u00e9bergement pour les invit\u00e9s des mari\u00e9s<\/strong> (nous avons 6 chambres et une capacit\u00e9 d\u2019accueil de 12 personnes)<\/li>\n<li>Nous pouvons organiser un \u00ab <strong>week-end mariage<\/strong> \u00bb avec pique-, visites, randonn\u00e9es&#8230;<\/li>\n<\/ul>\n<p><small>* Tant que le lendemain, il n\u2019y a pas d\u2019autre \u00e9v\u00e9nement. Par exemple, si vous vous mariez un vendredi mais qu\u2019un autre \u00e9v\u00e9nement est pr\u00e9vu le samedi, le petit-d\u00e9jeuner ne sera pas possible.<\/small>[\/vc_column_text][\/vc_column][\/vc_row][vc_row gap=\u00a0\u00bb25&Prime; equal_height=\u00a0\u00bbyes\u00a0\u00bb content_placement=\u00a0\u00bbmiddle\u00a0\u00bb][vc_column width=\u00a0\u00bb5\/12&Prime; el_class=\u00a0\u00bborder2&Prime;][vc_column_text]<\/p>\n<h2>Une finca tr\u00e8s polyvalente<\/h2>\n<p>[\/vc_column_text][vc_separator color=\u00a0\u00bbblack\u00a0\u00bb align=\u00a0\u00bbalign_left\u00a0\u00bb css=\u00a0\u00bb.vc_custom_1627471312390{margin-top: 16px !important;}\u00a0\u00bb][vc_column_text css=\u00a0\u00bb.vc_custom_1627472239996{margin-top: 48px !important;}\u00a0\u00bb]<\/p>\n<ul class=\"lista-simple\">\n<li>Nous avons <strong>diff\u00e9rents espaces au sein de la ferme<\/strong> et nous pouvons organiser l\u2019ap\u00e9ritif ou le d\u00eener o\u00f9 vous le souhaitez. \u00c0 finca Vi\u00f1edos de Butr\u00f3n, il est possible <strong>de d\u00eener au bord d\u2019un ruisseau ou de manger avec une vue spectaculaire sur<\/strong> le ch\u00e2teau de Butr\u00f3n.<\/li>\n<li>Nous avons des accords avec les meilleurs fournisseurs du secteur<\/li>\n<\/ul>\n<p>[\/vc_column_text][\/vc_column][vc_column width=\u00a0\u00bb7\/12&Prime;][vc_single_image image=\u00a0\u00bb386&Prime; img_size=\u00a0\u00bbfull\u00a0\u00bb image_hovers=\u00a0\u00bbfalse\u00a0\u00bb][\/vc_column][\/vc_row][vc_row gap=\u00a0\u00bb25&Prime; equal_height=\u00a0\u00bbyes\u00a0\u00bb content_placement=\u00a0\u00bbmiddle\u00a0\u00bb][vc_column width=\u00a0\u00bb7\/12&Prime;][vc_single_image image=\u00a0\u00bb384&Prime; img_size=\u00a0\u00bbfull\u00a0\u00bb image_hovers=\u00a0\u00bbfalse\u00a0\u00bb][\/vc_column][vc_column width=\u00a0\u00bb5\/12&Prime;][vc_column_text]<\/p>\n<h2>Nous cr\u00e9ons la danse de vos r\u00eaves<\/h2>\n<p>[\/vc_column_text][vc_separator color=\u00a0\u00bbblack\u00a0\u00bb align=\u00a0\u00bbalign_left\u00a0\u00bb css=\u00a0\u00bb.vc_custom_1627471312390{margin-top: 16px !important;}\u00a0\u00bb][vc_column_text css=\u00a0\u00bb.vc_custom_1631198823696{margin-top: 48px !important;}\u00a0\u00bb]<\/p>\n<ul class=\"lista-simple\">\n<li>Nous sommes <strong>sp\u00e9cialis\u00e9s dans l\u2019organisation d\u2019\u00e9v\u00e9nements de<\/strong> haut niveau et, par cons\u00e9quent, les danses sont l\u2019une de nos sp\u00e9cialit\u00e9s.<\/li>\n<li>Nous avons les meilleures \u00e9quipes, les DJ&#8230;<\/li>\n<li>Profiter de la f\u00eate fait partie de la philosophie de notre ferme et des entreprises qui travaillent avec nous. Pour cela, nous avons r\u00e9alis\u00e9 une <strong>\u00e9tude d\u2019impact acoustique<\/strong>.<\/li>\n<\/ul>\n<p>[\/vc_column_text][\/vc_column][\/vc_row][vc_row gap=\u00a0\u00bb25&Prime; equal_height=\u00a0\u00bbyes\u00a0\u00bb content_placement=\u00a0\u00bbmiddle\u00a0\u00bb][vc_column width=\u00a0\u00bb5\/12&Prime; el_class=\u00a0\u00bborder2&Prime;][vc_column_text]<\/p>\n<h2>\u00c9quipe professionnelle et les meilleurs fournisseurs du secteur<\/h2>\n<p>[\/vc_column_text][vc_separator color=\u00a0\u00bbblack\u00a0\u00bb align=\u00a0\u00bbalign_left\u00a0\u00bb css=\u00a0\u00bb.vc_custom_1627471312390{margin-top: 16px !important;}\u00a0\u00bb][vc_column_text css=\u00a0\u00bb.vc_custom_1627564311599{margin-top: 48px !important;}\u00a0\u00bb]<\/p>\n<ul class=\"lista-simple\">\n<li>Notre \u00e9quipe est compos\u00e9e de <strong>professionnels qui connaissent<\/strong> parfaitement le secteur du mariage et de l\u2019\u00e9v\u00e9nementiel.<\/li>\n<li>Nous avons un <strong>service Premium<\/strong> pour tous ceux qui recherchent un service sp\u00e9cial de rassemblement de f\u00eate, des camions de nourriture &#8230;<\/li>\n<li>Le <strong>personnel de notre ferme<\/strong> est inscrit \u00e0 la s\u00e9curit\u00e9 sociale, et nous avons des plans pour la pr\u00e9vention des risques professionnels et l\u2019autoprotection (issues de secours, s\u00e9curit\u00e9,&#8230;). En plus des certifications correspondantes de manipulation des aliments, impact acoustique et toutes les activit\u00e9s qui seront d\u00e9velopp\u00e9es \u00e0 la ferme.<\/li>\n<\/ul>\n<p>[\/vc_column_text][\/vc_column][vc_column width=\u00a0\u00bb7\/12&Prime;][vc_single_image image=\u00a0\u00bb385&Prime; img_size=\u00a0\u00bbfull\u00a0\u00bb image_hovers=\u00a0\u00bbfalse\u00a0\u00bb][\/vc_column][\/vc_row][vc_row gap=\u00a0\u00bb25&Prime; equal_height=\u00a0\u00bbyes\u00a0\u00bb content_placement=\u00a0\u00bbmiddle\u00a0\u00bb][vc_column width=\u00a0\u00bb7\/12&Prime;][vc_single_image image=\u00a0\u00bb383&Prime; img_size=\u00a0\u00bbfull\u00a0\u00bb image_hovers=\u00a0\u00bbfalse\u00a0\u00bb][\/vc_column][vc_column width=\u00a0\u00bb5\/12&Prime;][vc_column_text]<\/p>\n<h2>Proximit\u00e9 des centres urbains de Bilbao et Getxo<\/h2>\n<p>[\/vc_column_text][vc_separator color=\u00a0\u00bbblack\u00a0\u00bb align=\u00a0\u00bbalign_left\u00a0\u00bb css=\u00a0\u00bb.vc_custom_1627471312390{margin-top: 16px !important;}\u00a0\u00bb][vc_column_text css=\u00a0\u00bb.vc_custom_1627472547599{margin-top: 48px !important;}\u00a0\u00bb]<\/p>\n<ul class=\"lista-simple\">\n<li>20 minutes de Bilbao et 15 minutes de Getxo<\/li>\n<\/ul>\n<p>[\/vc_column_text][\/vc_column][\/vc_row][\/vc_section][vc_section full_width=\u00a0\u00bbstretch_row\u00a0\u00bb content_placement=\u00a0\u00bbmiddle\u00a0\u00bb css=\u00a0\u00bb.vc_custom_1627398384571{margin-top: 64px !important;background-image: url(https:\/\/fincavinedosdebutron.com\/wp-content\/uploads\/2021\/07\/finca-vinedos-contacto.jpg?id=298) !important;background-position: center !important;background-repeat: no-repeat !important;background-size: contain !important;}\u00a0\u00bb el_class=\u00a0\u00bbsection-contacto\u00a0\u00bb][vc_row css=\u00a0\u00bb.vc_custom_1627385210711{margin-top: 64px !important;}\u00a0\u00bb][vc_column offset=\u00a0\u00bbvc_hidden-lg vc_hidden-md vc_col-xs-12&Prime; css=\u00a0\u00bb.vc_custom_1627385280683{margin-top: 64px !important;padding-top: 250px !important;padding-bottom: 250px !important;background-image: url(https:\/\/fincavinedosdebutron.com\/wp-content\/uploads\/2021\/07\/finca-vinedos-contacto.jpg?id=298) !important;background-position: center !important;background-repeat: no-repeat !important;background-size: cover !important;}\u00a0\u00bb][\/vc_column][vc_column css=\u00a0\u00bb.vc_custom_1627385326809{padding-top: 48px !important;padding-right: 32px !important;padding-bottom: 48px !important;padding-left: 32px !important;background-color: #e5e0da !important;}\u00a0\u00bb el_class=\u00a0\u00bbcontacto-home\u00a0\u00bb offset=\u00a0\u00bbvc_hidden-lg vc_hidden-md vc_col-xs-12&Prime;][vc_column_text]<\/p>\n<h2>Contact<br \/>\nl\u2019\u00e9quipe<\/h2>\n<p>[\/vc_column_text][vc_column_text css=\u00a0\u00bb.vc_custom_1624621893626{margin-top: 80px !important;}\u00a0\u00bb]Notre \u00e9quipe est experte dans tous les types d\u2019\u00e9v\u00e9nements et elle vous conseille tout au long du processus afin que votre mariage se passe parfaitement et que vous obteniez l\u2019effet WOW sur les invit\u00e9s.[\/vc_column_text][vc_column_text css=\u00a0\u00bb.vc_custom_1627374850213{margin-top: 64px !important;margin-bottom: 64px !important;}\u00a0\u00bb]<a class=\"link\" href=\"#\">Qui sommes-nous<\/a>[\/vc_column_text]\n<div class=\"wpcf7 no-js\" id=\"wpcf7-f108-o1\" lang=\"es-ES\" dir=\"ltr\" data-wpcf7-id=\"108\">\n<div class=\"screen-reader-response\"><p role=\"status\" aria-live=\"polite\" aria-atomic=\"true\"><\/p> <ul><\/ul><\/div>\n<form action=\"\/fr\/wp-json\/wp\/v2\/pages\/719#wpcf7-f108-o1\" method=\"post\" class=\"wpcf7-form init\" aria-label=\"Formulario de contacto\" novalidate=\"novalidate\" data-status=\"init\">\n<fieldset class=\"hidden-fields-container\"><input type=\"hidden\" name=\"_wpcf7\" value=\"108\" \/><input type=\"hidden\" name=\"_wpcf7_version\" value=\"6.1.5\" \/><input type=\"hidden\" name=\"_wpcf7_locale\" value=\"es_ES\" \/><input type=\"hidden\" name=\"_wpcf7_unit_tag\" value=\"wpcf7-f108-o1\" \/><input type=\"hidden\" name=\"_wpcf7_container_post\" value=\"0\" \/><input type=\"hidden\" name=\"_wpcf7_posted_data_hash\" value=\"\" \/><input type=\"hidden\" name=\"_wpcf7_recaptcha_response\" value=\"\" \/>\n<\/fieldset>\n<div class=\"vc_row\">\n\t<div class=\"vc_col-md-12\">\n\t\t<p><span class=\"wpcf7-form-control-wrap\" data-name=\"nombre\"><input size=\"40\" maxlength=\"400\" class=\"wpcf7-form-control wpcf7-text wpcf7-validates-as-required\" aria-required=\"true\" aria-invalid=\"false\" placeholder=\"\u00bfC\u00f3mo os llam\u00e1is? *\" value=\"\" type=\"text\" name=\"nombre\" \/><\/span>\n\t\t<\/p>\n\t<\/div>\n\t<div class=\"vc_col-md-6\">\n\t\t<p><span class=\"wpcf7-form-control-wrap\" data-name=\"fecha\"><input size=\"40\" maxlength=\"400\" class=\"wpcf7-form-control wpcf7-text wpcf7-validates-as-required\" aria-required=\"true\" aria-invalid=\"false\" placeholder=\"Fecha del evento *\" value=\"\" type=\"text\" name=\"fecha\" \/><\/span>\n\t\t<\/p>\n\t<\/div>\n\t<div class=\"vc_col-md-6\">\n\t\t<p><span class=\"wpcf7-form-control-wrap\" data-name=\"invitados\"><input size=\"40\" maxlength=\"400\" class=\"wpcf7-form-control wpcf7-text wpcf7-validates-as-required\" aria-required=\"true\" aria-invalid=\"false\" placeholder=\"N\u00ba aprox de invitados *\" value=\"\" type=\"text\" name=\"invitados\" \/><\/span>\n\t\t<\/p>\n\t<\/div>\n\t<div class=\"vc_col-md-6\">\n\t\t<p><span class=\"wpcf7-form-control-wrap\" data-name=\"telefono\"><input size=\"40\" maxlength=\"400\" class=\"wpcf7-form-control wpcf7-tel wpcf7-validates-as-required wpcf7-text wpcf7-validates-as-tel\" aria-required=\"true\" aria-invalid=\"false\" placeholder=\"Tel\u00e9fono *\" value=\"\" type=\"tel\" name=\"telefono\" \/><\/span>\n\t\t<\/p>\n\t<\/div>\n\t<div class=\"vc_col-md-6\">\n\t\t<p><span class=\"wpcf7-form-control-wrap\" data-name=\"email\"><input size=\"40\" maxlength=\"400\" class=\"wpcf7-form-control wpcf7-email wpcf7-validates-as-required wpcf7-text wpcf7-validates-as-email\" aria-required=\"true\" aria-invalid=\"false\" placeholder=\"E-mail *\" value=\"\" type=\"email\" name=\"email\" \/><\/span>\n\t\t<\/p>\n\t<\/div>\n\t<div class=\"vc_col-md-12\">\n\t\t<p><span class=\"wpcf7-form-control-wrap\" data-name=\"mensaje\"><textarea cols=\"40\" rows=\"4\" maxlength=\"2000\" class=\"wpcf7-form-control wpcf7-textarea\" aria-invalid=\"false\" placeholder=\"\u00bfQuer\u00e9is contarnos m\u00e1s?\" name=\"mensaje\"><\/textarea><\/span>\n\t\t<\/p>\n\t<\/div>\n<\/div>\n<div class=\"vc_row\">\n\t<div class=\"vc_col-md-12\">\n\t\t<p><span class=\"wpcf7-form-control-wrap\" data-name=\"acceptance-200\"><span class=\"wpcf7-form-control wpcf7-acceptance\"><span class=\"wpcf7-list-item\"><input type=\"checkbox\" name=\"acceptance-200\" value=\"1\" aria-invalid=\"false\" \/><\/span><\/span><\/span> Acepto la pol\u00edtica de privacidad\n\t\t<\/p>\n\t\t<p style=\"font-size: 12px; line-height:1.2rem; color:#666;\"><br \/>\nLos campos marcados con (*) son obligatorios.<br \/>\n1. Administrador de datos: Finca Vi\u00f1edos de Butr\u00f3n<br \/>\n2. Prop\u00f3sito de datos: Relaci\u00f3n comercial e informaci\u00f3n sobre nuestros productos y servicios.<br \/>\n3. Almacenamiento de datos: Base de datos alojada en Cloudflare<br \/>\n4. Derechos: En cualquier momento puede <a href=\"\/politica-de-privacidad-politica-de-cookies-y-aviso-legal\/\" target=\"_blank\">limitar, recuperar, y eliminar su informaci\u00f3n.<\/a>\n\t\t<\/p>\n\t\t<p><input class=\"wpcf7-form-control wpcf7-submit has-spinner\" type=\"submit\" value=\"Enviar\" \/>\n\t\t<\/p>\n\t<\/div>\n<\/div><div class=\"wpcf7-response-output\" aria-hidden=\"true\"><\/div>\n<\/form>\n<\/div>\n[\/vc_column][\/vc_row][vc_row][vc_column css=\u00a0\u00bb.vc_custom_1627388434218{padding-top: 48px !important;padding-right: 32px !important;padding-bottom: 48px !important;padding-left: 80px !important;background-color: #e5e0da !important;}\u00a0\u00bb el_class=\u00a0\u00bbcontacto-home\u00a0\u00bb offset=\u00a0\u00bbvc_col-lg-7 vc_col-md-6 vc_hidden-sm vc_hidden-xs\u00a0\u00bb][vc_column_text]<\/p>\n<h2>Contact<br \/>\nl\u2019\u00e9quipe<\/h2>\n<p>[\/vc_column_text][vc_column_text css=\u00a0\u00bb.vc_custom_1624621893626{margin-top: 80px !important;}\u00a0\u00bb]Notre \u00e9quipe est experte dans tous les types d\u2019\u00e9v\u00e9nements et elle vous conseille tout au long du processus afin que votre mariage se passe parfaitement et que vous obteniez l\u2019effet WOW sur les invit\u00e9s.[\/vc_column_text][vc_column_text css=\u00a0\u00bb.vc_custom_1627374850213{margin-top: 64px !important;margin-bottom: 64px !important;}\u00a0\u00bb]<a class=\"link\" href=\"#\">Qui sommes-nous<\/a>[\/vc_column_text]\n<div class=\"wpcf7 no-js\" id=\"wpcf7-f108-o2\" lang=\"es-ES\" dir=\"ltr\" data-wpcf7-id=\"108\">\n<div class=\"screen-reader-response\"><p role=\"status\" aria-live=\"polite\" aria-atomic=\"true\"><\/p> <ul><\/ul><\/div>\n<form action=\"\/fr\/wp-json\/wp\/v2\/pages\/719#wpcf7-f108-o2\" method=\"post\" class=\"wpcf7-form init\" aria-label=\"Formulario de contacto\" novalidate=\"novalidate\" data-status=\"init\">\n<fieldset class=\"hidden-fields-container\"><input type=\"hidden\" name=\"_wpcf7\" value=\"108\" \/><input type=\"hidden\" name=\"_wpcf7_version\" value=\"6.1.5\" \/><input type=\"hidden\" name=\"_wpcf7_locale\" value=\"es_ES\" \/><input type=\"hidden\" name=\"_wpcf7_unit_tag\" value=\"wpcf7-f108-o2\" \/><input type=\"hidden\" name=\"_wpcf7_container_post\" value=\"0\" \/><input type=\"hidden\" name=\"_wpcf7_posted_data_hash\" value=\"\" \/><input type=\"hidden\" name=\"_wpcf7_recaptcha_response\" value=\"\" \/>\n<\/fieldset>\n<div class=\"vc_row\">\n\t<div class=\"vc_col-md-12\">\n\t\t<p><span class=\"wpcf7-form-control-wrap\" data-name=\"nombre\"><input size=\"40\" maxlength=\"400\" class=\"wpcf7-form-control wpcf7-text wpcf7-validates-as-required\" aria-required=\"true\" aria-invalid=\"false\" placeholder=\"\u00bfC\u00f3mo os llam\u00e1is? *\" value=\"\" type=\"text\" name=\"nombre\" \/><\/span>\n\t\t<\/p>\n\t<\/div>\n\t<div class=\"vc_col-md-6\">\n\t\t<p><span class=\"wpcf7-form-control-wrap\" data-name=\"fecha\"><input size=\"40\" maxlength=\"400\" class=\"wpcf7-form-control wpcf7-text wpcf7-validates-as-required\" aria-required=\"true\" aria-invalid=\"false\" placeholder=\"Fecha del evento *\" value=\"\" type=\"text\" name=\"fecha\" \/><\/span>\n\t\t<\/p>\n\t<\/div>\n\t<div class=\"vc_col-md-6\">\n\t\t<p><span class=\"wpcf7-form-control-wrap\" data-name=\"invitados\"><input size=\"40\" maxlength=\"400\" class=\"wpcf7-form-control wpcf7-text wpcf7-validates-as-required\" aria-required=\"true\" aria-invalid=\"false\" placeholder=\"N\u00ba aprox de invitados *\" value=\"\" type=\"text\" name=\"invitados\" \/><\/span>\n\t\t<\/p>\n\t<\/div>\n\t<div class=\"vc_col-md-6\">\n\t\t<p><span class=\"wpcf7-form-control-wrap\" data-name=\"telefono\"><input size=\"40\" maxlength=\"400\" class=\"wpcf7-form-control wpcf7-tel wpcf7-validates-as-required wpcf7-text wpcf7-validates-as-tel\" aria-required=\"true\" aria-invalid=\"false\" placeholder=\"Tel\u00e9fono *\" value=\"\" type=\"tel\" name=\"telefono\" \/><\/span>\n\t\t<\/p>\n\t<\/div>\n\t<div class=\"vc_col-md-6\">\n\t\t<p><span class=\"wpcf7-form-control-wrap\" data-name=\"email\"><input size=\"40\" maxlength=\"400\" class=\"wpcf7-form-control wpcf7-email wpcf7-validates-as-required wpcf7-text wpcf7-validates-as-email\" aria-required=\"true\" aria-invalid=\"false\" placeholder=\"E-mail *\" value=\"\" type=\"email\" name=\"email\" \/><\/span>\n\t\t<\/p>\n\t<\/div>\n\t<div class=\"vc_col-md-12\">\n\t\t<p><span class=\"wpcf7-form-control-wrap\" data-name=\"mensaje\"><textarea cols=\"40\" rows=\"4\" maxlength=\"2000\" class=\"wpcf7-form-control wpcf7-textarea\" aria-invalid=\"false\" placeholder=\"\u00bfQuer\u00e9is contarnos m\u00e1s?\" name=\"mensaje\"><\/textarea><\/span>\n\t\t<\/p>\n\t<\/div>\n<\/div>\n<div class=\"vc_row\">\n\t<div class=\"vc_col-md-12\">\n\t\t<p><span class=\"wpcf7-form-control-wrap\" data-name=\"acceptance-200\"><span class=\"wpcf7-form-control wpcf7-acceptance\"><span class=\"wpcf7-list-item\"><input type=\"checkbox\" name=\"acceptance-200\" value=\"1\" aria-invalid=\"false\" \/><\/span><\/span><\/span> Acepto la pol\u00edtica de privacidad\n\t\t<\/p>\n\t\t<p style=\"font-size: 12px; line-height:1.2rem; color:#666;\"><br \/>\nLos campos marcados con (*) son obligatorios.<br \/>\n1. Administrador de datos: Finca Vi\u00f1edos de Butr\u00f3n<br \/>\n2. Prop\u00f3sito de datos: Relaci\u00f3n comercial e informaci\u00f3n sobre nuestros productos y servicios.<br \/>\n3. Almacenamiento de datos: Base de datos alojada en Cloudflare<br \/>\n4. Derechos: En cualquier momento puede <a href=\"\/politica-de-privacidad-politica-de-cookies-y-aviso-legal\/\" target=\"_blank\">limitar, recuperar, y eliminar su informaci\u00f3n.<\/a>\n\t\t<\/p>\n\t\t<p><input class=\"wpcf7-form-control wpcf7-submit has-spinner\" type=\"submit\" value=\"Enviar\" \/>\n\t\t<\/p>\n\t<\/div>\n<\/div><div class=\"wpcf7-response-output\" aria-hidden=\"true\"><\/div>\n<\/form>\n<\/div>\n[\/vc_column][vc_column css=\u00a0\u00bb.vc_custom_1627470582898{margin-top: 120px !important;padding-top: 48px !important;padding-right: 48px !important;padding-bottom: 48px !important;padding-left: 48px !important;}\u00a0\u00bb offset=\u00a0\u00bbvc_col-lg-4 vc_col-md-6 vc_hidden-sm vc_col-xs-12 vc_hidden-xs\u00a0\u00bb][\/vc_column][vc_column width=\u00a0\u00bb1\/12&Prime;][\/vc_column][\/vc_row][\/vc_section]<\/p>\n<\/div>","protected":false},"excerpt":{"rendered":"<p>[vc_row full_width=\u00a0\u00bbstretch_row\u00a0\u00bb full_height=\u00a0\u00bbyes\u00a0\u00bb content_placement=\u00a0\u00bbmiddle\u00a0\u00bb css=\u00a0\u00bb.vc_custom_1627470096303{margin-top: -50px !important;padding-top: 48px !important;padding-bottom: 48px !important;background-image: url(https:\/\/fincavinedosdebutron.com\/wp-content\/uploads\/2021\/07\/la-finca-bg.jpg?id=376) !important;background-position: center !important;background-repeat: no-repeat !important;background-size: cover !important;}\u00a0\u00bb][vc_column width=\u00a0\u00bb5\/12&Prime;][\/vc_column][vc_column width=\u00a0\u00bb7\/12&Prime; css=\u00a0\u00bb.vc_custom_1627470324531{border-right-width: 1px !important;padding-right: 32px !important;border-right-color: #ffffff !important;border-right-style: solid !important;}\u00a0\u00bb][vc_column_text] Quelle est la particularit\u00e9 de notre ferme? [\/vc_column_text][vc_column_text css=\u00a0\u00bb.vc_custom_1627470276460{margin-top: 48px !important;}\u00a0\u00bb] Finca Vi\u00f1edos Butr\u00f3n est situ\u00e9 dans une enclave idyllique, entour\u00e9 d\u2019arbres fruitiers, de for\u00eats,&hellip;<\/p>\n","protected":false},"author":1,"featured_media":0,"parent":0,"menu_order":0,"comment_status":"closed","ping_status":"open","template":"","meta":{"_acf_changed":false,"footnotes":""},"class_list":["post-719","page","type-page","status-publish","hentry","description-off"],"acf":[],"yoast_head":"<!-- This site is optimized with the Yoast SEO plugin v27.4 - https:\/\/yoast.com\/product\/yoast-seo-wordpress\/ -->\n<title>La Finca - Finca Vi\u00f1edos de Butr\u00f3n<\/title>\n<meta name=\"robots\" content=\"index, follow, max-snippet:-1, max-image-preview:large, max-video-preview:-1\" \/>\n<link rel=\"canonical\" href=\"http:\/\/fincavinedosdebutron.com\/fr\/la-finca\/\" \/>\n<meta property=\"og:locale\" content=\"fr_FR\" \/>\n<meta property=\"og:type\" content=\"article\" \/>\n<meta property=\"og:title\" content=\"La Finca - Finca Vi\u00f1edos de Butr\u00f3n\" \/>\n<meta property=\"og:description\" content=\"[vc_row full_width=\u00a0\u00bbstretch_row\u00a0\u00bb full_height=\u00a0\u00bbyes\u00a0\u00bb content_placement=\u00a0\u00bbmiddle\u00a0\u00bb css=\u00a0\u00bb.vc_custom_1627470096303{margin-top: -50px !important;padding-top: 48px !important;padding-bottom: 48px !important;background-image: url(https:\/\/fincavinedosdebutron.com\/wp-content\/uploads\/2021\/07\/la-finca-bg.jpg?id=376) !important;background-position: center !important;background-repeat: no-repeat !important;background-size: cover !important;}\u00a0\u00bb][vc_column width=\u00a0\u00bb5\/12&Prime;][\/vc_column][vc_column width=\u00a0\u00bb7\/12&Prime; css=\u00a0\u00bb.vc_custom_1627470324531{border-right-width: 1px !important;padding-right: 32px !important;border-right-color: #ffffff !important;border-right-style: solid !important;}\u00a0\u00bb][vc_column_text] Quelle est la particularit\u00e9 de notre ferme? [\/vc_column_text][vc_column_text css=\u00a0\u00bb.vc_custom_1627470276460{margin-top: 48px !important;}\u00a0\u00bb] Finca Vi\u00f1edos Butr\u00f3n est situ\u00e9 dans une enclave idyllique, entour\u00e9 d\u2019arbres fruitiers, de for\u00eats,&hellip;\" \/>\n<meta property=\"og:url\" content=\"http:\/\/fincavinedosdebutron.com\/fr\/la-finca\/\" \/>\n<meta property=\"og:site_name\" content=\"Finca Vi\u00f1edos de Butr\u00f3n\" \/>\n<meta property=\"article:modified_time\" content=\"2022-08-17T08:32:45+00:00\" \/>\n<meta name=\"twitter:card\" content=\"summary_large_image\" \/>\n<meta name=\"twitter:label1\" content=\"Dur\u00e9e de lecture estim\u00e9e\" \/>\n\t<meta name=\"twitter:data1\" content=\"7 minutes\" \/>\n<script type=\"application\/ld+json\" class=\"yoast-schema-graph\">{\"@context\":\"https:\\\/\\\/schema.org\",\"@graph\":[{\"@type\":\"WebPage\",\"@id\":\"http:\\\/\\\/fincavinedosdebutron.com\\\/fr\\\/la-finca\\\/\",\"url\":\"http:\\\/\\\/fincavinedosdebutron.com\\\/fr\\\/la-finca\\\/\",\"name\":\"La Finca - Finca Vi\u00f1edos de Butr\u00f3n\",\"isPartOf\":{\"@id\":\"https:\\\/\\\/fincavinedosdebutron.com\\\/de\\\/#website\"},\"datePublished\":\"2021-07-28T11:45:33+00:00\",\"dateModified\":\"2022-08-17T08:32:45+00:00\",\"breadcrumb\":{\"@id\":\"http:\\\/\\\/fincavinedosdebutron.com\\\/fr\\\/la-finca\\\/#breadcrumb\"},\"inLanguage\":\"fr-FR\",\"potentialAction\":[{\"@type\":\"ReadAction\",\"target\":[\"http:\\\/\\\/fincavinedosdebutron.com\\\/fr\\\/la-finca\\\/\"]}]},{\"@type\":\"BreadcrumbList\",\"@id\":\"http:\\\/\\\/fincavinedosdebutron.com\\\/fr\\\/la-finca\\\/#breadcrumb\",\"itemListElement\":[{\"@type\":\"ListItem\",\"position\":1,\"name\":\"Portada\",\"item\":\"http:\\\/\\\/fincavinedosdebutron.com\\\/fr\\\/\"},{\"@type\":\"ListItem\",\"position\":2,\"name\":\"La Finca\"}]},{\"@type\":\"WebSite\",\"@id\":\"https:\\\/\\\/fincavinedosdebutron.com\\\/de\\\/#website\",\"url\":\"https:\\\/\\\/fincavinedosdebutron.com\\\/de\\\/\",\"name\":\"Finca Vi\u00f1edos de Butr\u00f3n\",\"description\":\"Otro sitio realizado con WordPress\",\"potentialAction\":[{\"@type\":\"SearchAction\",\"target\":{\"@type\":\"EntryPoint\",\"urlTemplate\":\"https:\\\/\\\/fincavinedosdebutron.com\\\/de\\\/?s={search_term_string}\"},\"query-input\":{\"@type\":\"PropertyValueSpecification\",\"valueRequired\":true,\"valueName\":\"search_term_string\"}}],\"inLanguage\":\"fr-FR\"}]}<\/script>\n<!-- \/ Yoast SEO plugin. -->","yoast_head_json":{"title":"La Finca - Finca Vi\u00f1edos de Butr\u00f3n","robots":{"index":"index","follow":"follow","max-snippet":"max-snippet:-1","max-image-preview":"max-image-preview:large","max-video-preview":"max-video-preview:-1"},"canonical":"http:\/\/fincavinedosdebutron.com\/fr\/la-finca\/","og_locale":"fr_FR","og_type":"article","og_title":"La Finca - Finca Vi\u00f1edos de Butr\u00f3n","og_description":"[vc_row full_width=\u00a0\u00bbstretch_row\u00a0\u00bb full_height=\u00a0\u00bbyes\u00a0\u00bb content_placement=\u00a0\u00bbmiddle\u00a0\u00bb css=\u00a0\u00bb.vc_custom_1627470096303{margin-top: -50px !important;padding-top: 48px !important;padding-bottom: 48px !important;background-image: url(https:\/\/fincavinedosdebutron.com\/wp-content\/uploads\/2021\/07\/la-finca-bg.jpg?id=376) !important;background-position: center !important;background-repeat: no-repeat !important;background-size: cover !important;}\u00a0\u00bb][vc_column width=\u00a0\u00bb5\/12&Prime;][\/vc_column][vc_column width=\u00a0\u00bb7\/12&Prime; css=\u00a0\u00bb.vc_custom_1627470324531{border-right-width: 1px !important;padding-right: 32px !important;border-right-color: #ffffff !important;border-right-style: solid !important;}\u00a0\u00bb][vc_column_text] Quelle est la particularit\u00e9 de notre ferme? [\/vc_column_text][vc_column_text css=\u00a0\u00bb.vc_custom_1627470276460{margin-top: 48px !important;}\u00a0\u00bb] Finca Vi\u00f1edos Butr\u00f3n est situ\u00e9 dans une enclave idyllique, entour\u00e9 d\u2019arbres fruitiers, de for\u00eats,&hellip;","og_url":"http:\/\/fincavinedosdebutron.com\/fr\/la-finca\/","og_site_name":"Finca Vi\u00f1edos de Butr\u00f3n","article_modified_time":"2022-08-17T08:32:45+00:00","twitter_card":"summary_large_image","twitter_misc":{"Dur\u00e9e de lecture estim\u00e9e":"7 minutes"},"schema":{"@context":"https:\/\/schema.org","@graph":[{"@type":"WebPage","@id":"http:\/\/fincavinedosdebutron.com\/fr\/la-finca\/","url":"http:\/\/fincavinedosdebutron.com\/fr\/la-finca\/","name":"La Finca - Finca Vi\u00f1edos de Butr\u00f3n","isPartOf":{"@id":"https:\/\/fincavinedosdebutron.com\/de\/#website"},"datePublished":"2021-07-28T11:45:33+00:00","dateModified":"2022-08-17T08:32:45+00:00","breadcrumb":{"@id":"http:\/\/fincavinedosdebutron.com\/fr\/la-finca\/#breadcrumb"},"inLanguage":"fr-FR","potentialAction":[{"@type":"ReadAction","target":["http:\/\/fincavinedosdebutron.com\/fr\/la-finca\/"]}]},{"@type":"BreadcrumbList","@id":"http:\/\/fincavinedosdebutron.com\/fr\/la-finca\/#breadcrumb","itemListElement":[{"@type":"ListItem","position":1,"name":"Portada","item":"http:\/\/fincavinedosdebutron.com\/fr\/"},{"@type":"ListItem","position":2,"name":"La Finca"}]},{"@type":"WebSite","@id":"https:\/\/fincavinedosdebutron.com\/de\/#website","url":"https:\/\/fincavinedosdebutron.com\/de\/","name":"Finca Vi\u00f1edos de Butr\u00f3n","description":"Otro sitio realizado con WordPress","potentialAction":[{"@type":"SearchAction","target":{"@type":"EntryPoint","urlTemplate":"https:\/\/fincavinedosdebutron.com\/de\/?s={search_term_string}"},"query-input":{"@type":"PropertyValueSpecification","valueRequired":true,"valueName":"search_term_string"}}],"inLanguage":"fr-FR"}]}},"_links":{"self":[{"href":"https:\/\/fincavinedosdebutron.com\/fr\/wp-json\/wp\/v2\/pages\/719","targetHints":{"allow":["GET"]}}],"collection":[{"href":"https:\/\/fincavinedosdebutron.com\/fr\/wp-json\/wp\/v2\/pages"}],"about":[{"href":"https:\/\/fincavinedosdebutron.com\/fr\/wp-json\/wp\/v2\/types\/page"}],"author":[{"embeddable":true,"href":"https:\/\/fincavinedosdebutron.com\/fr\/wp-json\/wp\/v2\/users\/1"}],"replies":[{"embeddable":true,"href":"https:\/\/fincavinedosdebutron.com\/fr\/wp-json\/wp\/v2\/comments?post=719"}],"version-history":[{"count":2,"href":"https:\/\/fincavinedosdebutron.com\/fr\/wp-json\/wp\/v2\/pages\/719\/revisions"}],"predecessor-version":[{"id":724,"href":"https:\/\/fincavinedosdebutron.com\/fr\/wp-json\/wp\/v2\/pages\/719\/revisions\/724"}],"wp:attachment":[{"href":"https:\/\/fincavinedosdebutron.com\/fr\/wp-json\/wp\/v2\/media?parent=719"}],"curies":[{"name":"wp","href":"https:\/\/api.w.org\/{rel}","templated":true}]}}